{"id":676,"date":"2022-08-05T15:09:32","date_gmt":"2022-08-05T15:09:32","guid":{"rendered":"https:\/\/prismakollektiv.ch\/?page_id=676"},"modified":"2026-04-01T07:15:09","modified_gmt":"2026-04-01T07:15:09","slug":"home","status":"publish","type":"page","link":"https:\/\/prismakollektiv.ch\/","title":{"rendered":"Home"},"content":{"rendered":"<p>[et_pb_section fb_built=&#187;1&#8243; _builder_version=&#187;4.17.4&#8243; _module_preset=&#187;default&#187; background_color=&#187;#FFFFFF&#187; background_enable_image=&#187;off&#187; scroll_vertical_motion=&#187;0|4|4|100|0|0|-10&#8243; collapsed=&#187;off&#187; global_colors_info=&#187;{}&#187;][et_pb_row column_structure=&#187;1_4,1_2,1_4&#8243; make_equal=&#187;on&#187; _builder_version=&#187;4.19.4&#8243; _module_preset=&#187;default&#187; width=&#187;100%&#187; max_width=&#187;1280px&#187; custom_margin=&#187;30px||||false|false&#187; custom_padding=&#187;|20px||20px|false|false&#187; custom_css_main_element=&#187;align-items: flex-end;&#187; border_radii=&#187;on|8px|8px|8px|8px&#187; global_colors_info=&#187;{}&#187;][et_pb_column type=&#187;1_4&#8243; _builder_version=&#187;4.17.6&#8243; _module_preset=&#187;default&#187; global_colors_info=&#187;{}&#187;][et_pb_image src=&#187;https:\/\/prismakollektiv.ch\/wp-content\/uploads\/2022\/05\/PR\u00b7SMA_Logotype_black.png&#187; title_text=&#187;PR\u00b7SMA_Logotype_black&#187; _builder_version=&#187;4.17.6&#8243; _module_preset=&#187;default&#187; global_colors_info=&#187;{}&#187;][\/et_pb_image][\/et_pb_column][et_pb_column type=&#187;1_2&#8243; _builder_version=&#187;4.17.6&#8243; _module_preset=&#187;default&#187; global_colors_info=&#187;{}&#187;][et_pb_text _builder_version=&#187;4.19.4&#8243; _module_preset=&#187;default&#187; custom_margin=&#187;||-12px||false|false&#187; global_colors_info=&#187;{}&#187;]<\/p>\n<div class=\"page\" title=\"Page 1\">\n<div class=\"layoutArea\">\n<div class=\"column\">\n<h1><span>Symbiosen von Tanz und Klang <\/span><\/h1>\n<\/div>\n<\/div>\n<\/div>\n<p>[\/et_pb_text][\/et_pb_column][et_pb_column type=&#187;1_4&#8243; _builder_version=&#187;4.17.6&#8243; _module_preset=&#187;default&#187; global_colors_info=&#187;{}&#187;][et_pb_menu menu_id=&#187;33&#8243; disabled_on=&#187;on|on|off&#187; _builder_version=&#187;4.19.4&#8243; _module_preset=&#187;default&#187; global_colors_info=&#187;{}&#187;][\/et_pb_menu][\/et_pb_column][\/et_pb_row][et_pb_row make_equal=&#187;on&#187; disabled_on=&#187;on|on|off&#187; _builder_version=&#187;4.19.4&#8243; _module_preset=&#187;default&#187; background_color=&#187;#FFFFFF&#187; width=&#187;100%&#187; max_width=&#187;1280px&#187; custom_margin=&#187;0px||0px||false|false&#187; custom_padding=&#187;0px|20px|0px|20px|false|false&#187; sticky_position=&#187;top&#187; sticky_offset_surrounding=&#187;off&#187; border_radii=&#187;on|8px|8px|8px|8px&#187; box_shadow_style=&#187;preset3&#8243; global_colors_info=&#187;{}&#187;][et_pb_column type=&#187;4_4&#8243; _builder_version=&#187;4.17.6&#8243; _module_preset=&#187;default&#187; global_colors_info=&#187;{}&#187;][et_pb_menu menu_id=&#187;34&#8243; active_link_color=&#187;#000000&#8243; menu_icon_color=&#187;#000000&#8243; _builder_version=&#187;4.19.4&#8243; _module_preset=&#187;default&#187; menu_font=&#187;|700|||||||&#187; menu_text_color=&#187;#000000&#8243; menu_font_size=&#187;20px&#187; text_orientation=&#187;justified&#187; global_colors_info=&#187;{}&#187;][\/et_pb_menu][\/et_pb_column][\/et_pb_row][et_pb_row make_equal=&#187;on&#187; disabled_on=&#187;off|off|on&#187; _builder_version=&#187;4.19.4&#8243; _module_preset=&#187;default&#187; background_color=&#187;#FFFFFF&#187; width=&#187;100%&#187; max_width=&#187;1280px&#187; custom_margin=&#187;0px||0px||false|false&#187; custom_padding=&#187;0px|20px|0px|20px|false|false&#187; sticky_position=&#187;top&#187; sticky_offset_surrounding=&#187;off&#187; border_radii=&#187;on|8px|8px|8px|8px&#187; box_shadow_style=&#187;preset3&#8243; global_colors_info=&#187;{}&#187;][et_pb_column type=&#187;4_4&#8243; _builder_version=&#187;4.19.4&#8243; _module_preset=&#187;default&#187; global_colors_info=&#187;{}&#187;][et_pb_menu menu_id=&#187;29&#8243; active_link_color=&#187;#000000&#8243; menu_icon_color=&#187;#000000&#8243; _builder_version=&#187;4.19.4&#8243; _module_preset=&#187;default&#187; menu_font=&#187;|700|||||||&#187; menu_text_color=&#187;#000000&#8243; menu_font_size=&#187;20px&#187; text_orientation=&#187;justified&#187; global_colors_info=&#187;{}&#187;][\/et_pb_menu][\/et_pb_column][\/et_pb_row][et_pb_row module_id=&#187;news&#187; _builder_version=&#187;4.20.2&#8243; _module_preset=&#187;default&#187; width=&#187;100%&#187; max_width=&#187;1280px&#187; custom_margin=&#187;0px||0px||true|false&#187; custom_padding=&#187;|0px|26px||false|false&#187; global_colors_info=&#187;{}&#187;][et_pb_column type=&#187;4_4&#8243; _builder_version=&#187;4.17.6&#8243; _module_preset=&#187;default&#187; global_colors_info=&#187;{}&#187;][et_pb_image src=&#187;https:\/\/prismakollektiv.ch\/wp-content\/uploads\/2025\/09\/PR\u00b7SMA_FieldCompositionWorkshop_anime_\u00a9DemianBern.gif&#187; title_text=&#187;PR\u00b7SMA_FieldCompositionWorkshop_anime_\u00a9DemianBern&#187; disabled_on=&#187;on|on|on&#187; _builder_version=&#187;4.27.4&#8243; _module_preset=&#187;default&#187; module_alignment=&#187;center&#187; custom_margin=&#187;|0px||0px|false|true&#187; custom_padding=&#187;|20px||20px|false|true&#187; disabled=&#187;on&#187; global_colors_info=&#187;{}&#187;][\/et_pb_image][et_pb_text _builder_version=&#187;4.20.2&#8243; _module_preset=&#187;default&#187; custom_margin=&#187;24px||0px|24px|false|false&#187; custom_padding=&#187;||||false|false&#187; border_width_bottom=&#187;3px&#187; border_color_bottom=&#187;#000000&#8243; global_colors_info=&#187;{}&#187;]<\/p>\n<h1>NEWS<\/h1>\n<p>[\/et_pb_text][\/et_pb_column][\/et_pb_row][et_pb_row disabled_on=&#187;off|off|off&#187; _builder_version=&#187;4.27.4&#8243; _module_preset=&#187;default&#187; width=&#187;100%&#187; max_width=&#187;1280px&#187; custom_margin=&#187;0px||0px||true|false&#187; custom_padding=&#187;|0px|26px||false|false&#187; global_colors_info=&#187;{}&#187;][et_pb_column type=&#187;4_4&#8243; _builder_version=&#187;4.27.4&#8243; _module_preset=&#187;default&#187; global_colors_info=&#187;{}&#187;][et_pb_video src=&#187;https:\/\/vimeo.com\/1165297930&#8243; _builder_version=&#187;4.27.4&#8243; _module_preset=&#187;default&#187; custom_padding=&#187;|20px||20px|false|true&#187; global_colors_info=&#187;{}&#187;][\/et_pb_video][et_pb_text disabled_on=&#187;off|off|off&#187; _builder_version=&#187;4.27.4&#8243; _module_preset=&#187;default&#187; custom_margin=&#187;|20px|10px|20px|false|false&#187; custom_padding=&#187;30px||0px||false|false&#187; border_width_top=&#187;3px&#187; global_colors_info=&#187;{}&#187;]<\/p>\n<h3><\/h3>\n<p><span><strong><\/strong><\/span><\/p>\n<p>[\/et_pb_text][\/et_pb_column][\/et_pb_row][et_pb_row column_structure=&#187;1_3,1_3,1_3&#8243; disabled_on=&#187;off|off|off&#187; _builder_version=&#187;4.27.4&#8243; _module_preset=&#187;default&#187; width=&#187;100%&#187; max_width=&#187;1280px&#187; custom_margin=&#187;0px||0px||true|false&#187; custom_padding=&#187;|0px|26px||false|false&#187; global_colors_info=&#187;{}&#187;][et_pb_column type=&#187;1_3&#8243; _builder_version=&#187;4.19.4&#8243; _module_preset=&#187;default&#187; global_colors_info=&#187;{}&#187;][et_pb_text _builder_version=&#187;4.27.4&#8243; _module_preset=&#187;default&#187; custom_margin=&#187;|20px|10px|20px|false|false&#187; custom_padding=&#187;30px||0px||false|false&#187; locked=&#187;off&#187; global_colors_info=&#187;{}&#187;]<\/p>\n<h3>FAMILY MATTERS<br \/>Ein Community Dance Projekt<b> <\/b>von Elena Morena Weber \/ PR\u00b7SMA<br \/>f\u00fcr Z\u00dcRICH TANZT<\/h3>\n<p><img loading=\"lazy\" decoding=\"async\" src=\"https:\/\/prismakollektiv.ch\/wp-content\/uploads\/2026\/03\/Family-Matters_01\u00a9DemianBern-scaled.jpg\" width=\"2560\" height=\"1708\" alt=\"\" class=\"wp-image-1513 aligncenter size-full\" srcset=\"https:\/\/prismakollektiv.ch\/wp-content\/uploads\/2026\/03\/Family-Matters_01\u00a9DemianBern-scaled.jpg 2560w, https:\/\/prismakollektiv.ch\/wp-content\/uploads\/2026\/03\/Family-Matters_01\u00a9DemianBern-300x200.jpg 300w, https:\/\/prismakollektiv.ch\/wp-content\/uploads\/2026\/03\/Family-Matters_01\u00a9DemianBern-1024x683.jpg 1024w, https:\/\/prismakollektiv.ch\/wp-content\/uploads\/2026\/03\/Family-Matters_01\u00a9DemianBern-768x512.jpg 768w, https:\/\/prismakollektiv.ch\/wp-content\/uploads\/2026\/03\/Family-Matters_01\u00a9DemianBern-1536x1025.jpg 1536w, https:\/\/prismakollektiv.ch\/wp-content\/uploads\/2026\/03\/Family-Matters_01\u00a9DemianBern-2048x1366.jpg 2048w, https:\/\/prismakollektiv.ch\/wp-content\/uploads\/2026\/03\/Family-Matters_01\u00a9DemianBern-1080x720.jpg 1080w\" sizes=\"(max-width: 2560px) 100vw, 2560px\" \/><\/p>\n<p>[\/et_pb_text][et_pb_toggle title=&#187;Mehr lesen&#187; open_toggle_text_color=&#187;RGBA(255,255,255,0)&#187; icon_color=&#187;#000000&#8243; use_icon_font_size=&#187;on&#187; icon_font_size=&#187;25px&#187; open_icon_color=&#187;#000000&#8243; open_use_icon_font_size=&#187;on&#187; open_icon_font_size=&#187;25px&#187; admin_label=&#187;Toggle&#187; _builder_version=&#187;4.27.4&#8243; _module_preset=&#187;default&#187; title_text_color=&#187;#000000&#8243; background_color=&#187;RGBA(255,255,255,0)&#187; min_height=&#187;0px&#187; custom_margin=&#187;0px||0px||true|false&#187; custom_padding=&#187;1px||20px||false|false&#187; hover_enabled=&#187;0&#8243; border_width_all=&#187;0px&#187; border_width_bottom=&#187;0px&#187; global_colors_info=&#187;{}&#187; sticky_enabled=&#187;0&#8243;]<\/p>\n<p class=\"p1\">Was bedeutet Familie? Wer z\u00e4hlt dazu? 40 Menschen zwischen 1 und 82 Jahren tanzen gemeinsam und zeigen, dass Familie weit mehr als Blutsverwandtschaft ist: Sie kann Wahl, Zufall oder Schicksal sein, sich ver\u00e4ndern und neue Formen annehmen.<\/p>\n<p class=\"p1\">Das Community Dance Projekt findet im Rahmen von Z\u00dcRICH TANZT unter Leitung der Choreografin Elena Morena Weber und dem Kollektiv PR\u00b7SMA statt. Es bringt Einzelpersonen, Eltern mit ihren Kindern und Lebensgef\u00e4hrt:innen mit unterschiedlichen Tanzerfahrungen zusammen auf die B\u00fchne.<\/p>\n<p class=\"p1\">FAMILY MATTERS feiert die Vielfalt famili\u00e4rer Beziehungen und l\u00e4dt dazu ein, neue Antworten auf die Frage zu finden: Was ist Familie \u2013 und was kann sie sein?<\/p>\n<p class=\"p3\">Fr 8.5.<br \/>19 Uhr<\/p>\n<p class=\"p3\">Sa 9.5.<br \/>18 Uhr<\/p>\n<p class=\"p3\">Kulturhaus Helferei, Z\u00fcrich<br \/>im Rahmen von Z\u00dcRICH TANZT<\/p>\n<p class=\"p4\">Infos &amp; Tickets ab 30.3. auf <a href=\"https:\/\/zuerichtanzt.ch\/\" target=\"_blank\" rel=\"noopener\"><span style=\"text-decoration: underline;\"><strong><span class=\"s1\">zuerichtanzt.ch<\/span><\/strong><\/span><\/a><\/p>\n<p class=\"p4\"><span class=\"s1\"><span>Idee\u00a0<\/span><strong>Z\u00dcRICH TANZT, Elena Morena Weber<\/strong><br \/>Tanz und Co-Kreation<b>\u00a0<\/b><\/span><b>Corina Arbenz, Ursula Bachman, Agnes Bayer, Gloria Esperanza Blaser, Alba Boss, Roc\u00edo Boss, Esther Br\u00fcderlin, Cornel Doswald, Eva Dym Silberring, Andrea Edwards, Edith Fenner, Mar\u00eda Fortun Agud, Janine Marie Gehri, Valerie Haas, Stefanie Herzberg, Astrid Horvath, Olena Hoydenko, Claudia Jeltsch, Mich\u00e8le Kaufmann, Gudrun Koch, Elvi Leu, Millie Loffredo, Oda Ursula M\u00fcller, Jeannine Oberli, Doris Oberli, Jacqueline Roth, Alexandra Smith, David Smith, Brigitte Smith, Isabella Tattarletti, Pia Th\u00fcr, Regula Wartmann, Sonya Z\u00fcnd<br \/><\/b><b><\/b>Choreografie <b>Elena Morena Weber<br \/><\/b>Musik <b>Luca Magni<br \/><\/b>Szenografie <b>Demian Bern<br \/><\/b>Choreografische Assistenz <b>Ilaria Rabagliati, Abraham Iglesias Rodriguez, Manuela Runge<br \/><\/b><b><\/b>K\u00fcnstlerische Leitung <b>PR\u00b7SMA<br \/><\/b>Produktion <b><span>Z\u00dcRICH TANZT,\u00a0<\/span><span>PR\u00b7SMA<\/span><br \/><\/b>Technik <b><span>smARTec<\/span><br \/><\/b>Mit grossem Dank an <b><span>Kulturhaus Helferei<\/span><br \/><\/b><b><\/b><\/p>\n<p>[\/et_pb_toggle][et_pb_text _builder_version=&#187;4.20.2&#8243; _module_preset=&#187;default&#187; custom_margin=&#187;|20px|10px|20px|false|false&#187; custom_padding=&#187;30px||0px||false|false&#187; border_width_top=&#187;3px&#187; global_colors_info=&#187;{}&#187;]<\/p>\n<h3><\/h3>\n<p><span><strong><\/strong><\/span><\/p>\n<p>[\/et_pb_text][et_pb_text _builder_version=&#187;4.27.4&#8243; _module_preset=&#187;default&#187; custom_margin=&#187;|20px|10px|20px|false|false&#187; custom_padding=&#187;30px||0px||false|false&#187; locked=&#187;off&#187; global_colors_info=&#187;{}&#187;]<\/p>\n<h3>PR\u00b7SMA ATELIER\u00a0<br \/>Offen f\u00fcr professionelle T\u00e4nzer:innen<\/h3>\n<p><img loading=\"lazy\" decoding=\"async\" src=\"https:\/\/prismakollektiv.ch\/wp-content\/uploads\/2026\/03\/Atelier.jpeg\" width=\"1024\" height=\"1024\" alt=\"\" class=\"wp-image-1570 aligncenter size-full\" srcset=\"https:\/\/prismakollektiv.ch\/wp-content\/uploads\/2026\/03\/Atelier.jpeg 1024w, https:\/\/prismakollektiv.ch\/wp-content\/uploads\/2026\/03\/Atelier-980x980.jpeg 980w, https:\/\/prismakollektiv.ch\/wp-content\/uploads\/2026\/03\/Atelier-480x480.jpeg 480w\" sizes=\"(min-width: 0px) and (max-width: 480px) 480px, (min-width: 481px) and (max-width: 980px) 980px, (min-width: 981px) 1024px, 100vw\" \/><\/p>\n<p>[\/et_pb_text][et_pb_toggle title=&#187;Mehr lesen&#187; open_toggle_text_color=&#187;RGBA(255,255,255,0)&#187; icon_color=&#187;#000000&#8243; use_icon_font_size=&#187;on&#187; icon_font_size=&#187;25px&#187; open_icon_color=&#187;#000000&#8243; open_use_icon_font_size=&#187;on&#187; open_icon_font_size=&#187;25px&#187; admin_label=&#187;Toggle&#187; _builder_version=&#187;4.27.4&#8243; _module_preset=&#187;default&#187; title_text_color=&#187;#000000&#8243; background_color=&#187;RGBA(255,255,255,0)&#187; min_height=&#187;39.2px&#187; custom_margin=&#187;0px||0px||true|false&#187; custom_padding=&#187;1px||20px||false|false&#187; border_width_all=&#187;0px&#187; border_width_bottom=&#187;0px&#187; global_colors_info=&#187;{}&#187;]<\/p>\n<p class=\"p1\"><span class=\"s1\">PR\u00b7SMA l\u00e4dt professionelle T\u00e4nzer:innen zu gemeinsamer Studiozeit ein: Wir recherchieren, \u00fcben und spielen mit dem Repertoire bestehender und zuk\u00fcnftiger Kreationen. Mit Bewegung, Musik wie auch szenografischen Ideen vertiefen wir Exisiterendes und erfinden Neues, dabei offen bleibend f\u00fcr kreative Umwege. <\/span><\/p>\n<p class=\"p1\"><span class=\"s1\">Die PR\u00b7SMA Ateliers verstehen wir als Format f\u00fcr k\u00fcnstlerischen Austausch.<\/span><\/p>\n<p class=\"p1\"><span class=\"s1\">Ihr seid eingeladen, an einem wie auch an mehreren Terminen dabei zu sein. Schreibt uns eine kurze Nachricht, wenn ihr kommen m\u00f6chtet, das hilft uns, die Sessions vorzubereiten. Spontanes Erscheinen ist immer m\u00f6glich.<\/span><span class=\"s1\"><b><\/b><\/span><\/p>\n<p class=\"p4\"><span class=\"s1\"><b>Atelier Sessions im Fr\u00fchling 2026<\/b><b><\/b><\/span><span class=\"s1\"><\/span><\/p>\n<p class=\"p1\"><span class=\"s1\">So 12.4.<br \/><\/span><span class=\"s1\">10-15 Uhr<\/span><span class=\"s1\"><\/span><\/p>\n<p class=\"p1\"><span class=\"s1\">Mo 13.4.<br \/><\/span><span class=\"s1\">13-18 Uhr<\/span><span class=\"s1\"><\/span><\/p>\n<p class=\"p1\"><span class=\"s1\">Do 28.5.<br \/><\/span><span class=\"s1\">13-18 Uhr<\/span><span class=\"s1\"><\/span><\/p>\n<p class=\"p1\"><span class=\"s1\">Fr 29.5.<br \/><\/span><span class=\"s1\">13-18 Uhr<\/span><span class=\"s1\"><\/span><\/p>\n<p class=\"p1\"><span class=\"s1\">So 21.6.<br \/><\/span><span class=\"s1\">10-15 Uhr<\/span><span class=\"s1\"><\/span><\/p>\n<p class=\"p1\"><span class=\"s1\">Mo 22.6.<br \/><\/span><span class=\"s1\">13-18 Uhr<\/span><span class=\"s1\"><b><\/b><\/span><\/p>\n<p class=\"p1\"><span class=\"s1\">Do 25.6.<br \/><\/span><span class=\"s1\">10-15 Uhr<\/span><span class=\"s1\"><\/span><\/p>\n<p class=\"p1\"><span class=\"s1\">Fr 26.6.<br \/><\/span><span class=\"s1\">10-15 Uhr<\/span><span class=\"s1\"><\/span><\/p>\n<p class=\"p1\"><span class=\"s1\">in den Studios von Br\u00fccki 235<br \/><\/span><span class=\"s1\">Hardstrasse 235, 8005 Z\u00fcrich<\/span><\/p>\n<p>[\/et_pb_toggle][et_pb_text _builder_version=&#187;4.20.2&#8243; _module_preset=&#187;default&#187; custom_margin=&#187;|20px|10px|20px|false|false&#187; custom_padding=&#187;30px||0px||false|false&#187; border_width_top=&#187;3px&#187; global_colors_info=&#187;{}&#187;]<\/p>\n<h3><\/h3>\n<p><span><strong><\/strong><\/span><\/p>\n<p>[\/et_pb_text][\/et_pb_column][et_pb_column type=&#187;1_3&#8243; _builder_version=&#187;4.19.4&#8243; _module_preset=&#187;default&#187; global_colors_info=&#187;{}&#187;][et_pb_text _builder_version=&#187;4.27.4&#8243; _module_preset=&#187;default&#187; custom_margin=&#187;|20px|10px|20px|false|false&#187; custom_padding=&#187;30px||0px||false|false&#187; locked=&#187;off&#187; global_colors_info=&#187;{}&#187;]<\/p>\n<h3 class=\"p1\"><span class=\"s1\">FIELD COMPOSITION<br \/><\/span><span class=\"s1\">Die n\u00e4chsten Workshops in Z\u00fcrich<\/span><\/h3>\n<p><img loading=\"lazy\" decoding=\"async\" src=\"https:\/\/prismakollektiv.ch\/wp-content\/uploads\/2026\/03\/Field_Composition.jpg\" width=\"2362\" height=\"1575\" alt=\"\" class=\"wp-image-1511 aligncenter size-full\" srcset=\"https:\/\/prismakollektiv.ch\/wp-content\/uploads\/2026\/03\/Field_Composition.jpg 2362w, https:\/\/prismakollektiv.ch\/wp-content\/uploads\/2026\/03\/Field_Composition-1280x854.jpg 1280w, https:\/\/prismakollektiv.ch\/wp-content\/uploads\/2026\/03\/Field_Composition-980x653.jpg 980w, https:\/\/prismakollektiv.ch\/wp-content\/uploads\/2026\/03\/Field_Composition-480x320.jpg 480w\" sizes=\"(min-width: 0px) and (max-width: 480px) 480px, (min-width: 481px) and (max-width: 980px) 980px, (min-width: 981px) and (max-width: 1280px) 1280px, (min-width: 1281px) 2362px, 100vw\" \/><\/p>\n<p>[\/et_pb_text][et_pb_toggle title=&#187;Mehr lesen&#187; open_toggle_text_color=&#187;RGBA(255,255,255,0)&#187; icon_color=&#187;#000000&#8243; use_icon_font_size=&#187;on&#187; icon_font_size=&#187;25px&#187; open_icon_color=&#187;#000000&#8243; open_use_icon_font_size=&#187;on&#187; open_icon_font_size=&#187;25px&#187; admin_label=&#187;Toggle&#187; _builder_version=&#187;4.27.4&#8243; _module_preset=&#187;default&#187; title_text_color=&#187;#000000&#8243; background_color=&#187;RGBA(255,255,255,0)&#187; min_height=&#187;0px&#187; custom_margin=&#187;0px||0px||true|false&#187; custom_padding=&#187;1px||20px||false|false&#187; border_width_all=&#187;0px&#187; border_width_bottom=&#187;0px&#187; global_colors_info=&#187;{}&#187;]<\/p>\n<p class=\"p1\"><span class=\"s1\">In der Methode f\u00fcr Tanz im \u00f6ffentlichen Raum gestalten die Teilnehmenden bewegte Bilder im Zusammenspiel mit der Umgebung. Choreografische Anleitungen und live komponierte Klanglandschaften erreichen die T\u00e4nzer:innen \u00fcber Kopfh\u00f6rer. Mit improvisatorischen Aufgaben und Spiel werden sie Teil einer im Moment entstehenden Choreografie.<\/span><span class=\"s2\">\u00a0Die urbane Landschaft Z\u00fcrichs dient dabei als Labor und B\u00fchne.<\/span><span class=\"s3\"><\/span><\/p>\n<p class=\"p3\"><span class=\"s3\">FIELD COMPOSITION richtet sich an Bewegungsmenschen mit und ohne t\u00e4nzerische Erfahrung sowie professionelle T\u00e4nzer:innen \u2013 mit und ohne Beeintr\u00e4chtigung.<\/span><span class=\"s3\"><\/span><\/p>\n<p class=\"p5\"><span class=\"s3\"><b>Workshop #1<br \/><\/b><b><\/b><\/span><span class=\"s3\">Sa 30.5.<br \/><\/span><span class=\"s1\">10\u201314 Uhr<\/span><span class=\"s3\"><br \/><\/span><span class=\"s1\">Anmeldung bis 17.5.<\/span><span class=\"s3\"><\/span><span class=\"s1\"><\/span><\/p>\n<p class=\"p5\"><span class=\"s3\"><b>Workshop #2<br \/><\/b><b><\/b><\/span><span class=\"s1\">Sa 13.6.<\/span><span class=\"s3\"><br \/><\/span><span class=\"s1\">10\u201314 Uhr<br \/><\/span><span class=\"s3\">Anmeldung bis 1.6.<\/span><span class=\"s3\"><\/span><span class=\"s3\"><\/span><\/p>\n<p class=\"p5\"><span class=\"s3\"><b>Workshop #3<br \/><\/b><b><\/b><\/span><span class=\"s3\">Sa 5.9.<br \/><\/span><span class=\"s3\">11\u201315 Uhr<br \/><\/span><span class=\"s3\">&amp;<br \/><\/span><span class=\"s1\">So 6.9.<br \/><\/span><span class=\"s3\">15\u201319 Uhr<br \/><\/span><span class=\"s3\">Anmeldung bis 23.8.<\/span><span class=\"s3\"><\/span><\/p>\n<p class=\"p5\"><span class=\"s3\">Jeder Workshop findet an einem anderen Ort in Z\u00fcrich und bei jeder Witterung statt.<\/span><\/p>\n<p class=\"p5\"><span>Der Treffpunkt wird zeitnah dem Workshop bekannt gegeben.<\/span><\/p>\n<p class=\"p5\"><span class=\"s3\">Anmeldungen \u00fcber\u00a0<a href=\"mailto:info@prismakollektiv.ch\"><span class=\"s4\"><span style=\"text-decoration: underline;\"><strong>info@prismakollektiv.ch<\/strong><\/span><\/span><\/a><\/span><span class=\"s3\"><b><\/b><\/span><\/p>\n<p class=\"p3\"><span class=\"s3\"><b>Preise<br \/><\/b><b><\/b><\/span><span class=\"s3\">Die Preise sind nach dem Solidarit\u00e4tsprinzip strukturiert.\u00a0Teilnehmende k\u00f6nnen sich selbst einstufen:<\/span><span class=\"s3\"><\/span><\/p>\n<p class=\"p3\"><span class=\"s3\">Mini 20.- chf \/ Tag<br \/><\/span><span class=\"s3\">Midi 40.- chf \/ Tag<br \/><\/span><span class=\"s3\">Maxi 60.- chf \/ Tag<br \/><\/span><span class=\"s3\">Mega\u00a080.- chf \/ Tag<\/span><\/p>\n<p>[\/et_pb_toggle][et_pb_text _builder_version=&#187;4.20.2&#8243; _module_preset=&#187;default&#187; custom_margin=&#187;|20px|10px|20px|false|false&#187; custom_padding=&#187;30px||0px||false|false&#187; border_width_top=&#187;3px&#187; global_colors_info=&#187;{}&#187;]<\/p>\n<h3><\/h3>\n<p><span><strong><\/strong><\/span><\/p>\n<p>[\/et_pb_text][\/et_pb_column][et_pb_column type=&#187;1_3&#8243; _builder_version=&#187;4.19.4&#8243; _module_preset=&#187;default&#187; global_colors_info=&#187;{}&#187;][et_pb_text _builder_version=&#187;4.27.4&#8243; _module_preset=&#187;default&#187; custom_margin=&#187;|20px|10px|20px|false|false&#187; custom_padding=&#187;30px||0px||false|false&#187; locked=&#187;off&#187; global_colors_info=&#187;{}&#187;]<\/p>\n<h3 class=\"p1\"><span class=\"s1\">1+1+1 <br \/>Soundtrack Release!<\/span><\/h3>\n<p><img loading=\"lazy\" decoding=\"async\" src=\"https:\/\/prismakollektiv.ch\/wp-content\/uploads\/2026\/03\/PR\u00b7SMA_Ep3_1-1-1_Album_CoverTitle.jpg\" width=\"2000\" height=\"2000\" alt=\"\" class=\"wp-image-1515 aligncenter size-full\" srcset=\"https:\/\/prismakollektiv.ch\/wp-content\/uploads\/2026\/03\/PR\u00b7SMA_Ep3_1-1-1_Album_CoverTitle.jpg 2000w, https:\/\/prismakollektiv.ch\/wp-content\/uploads\/2026\/03\/PR\u00b7SMA_Ep3_1-1-1_Album_CoverTitle-300x300.jpg 300w, https:\/\/prismakollektiv.ch\/wp-content\/uploads\/2026\/03\/PR\u00b7SMA_Ep3_1-1-1_Album_CoverTitle-1024x1024.jpg 1024w, https:\/\/prismakollektiv.ch\/wp-content\/uploads\/2026\/03\/PR\u00b7SMA_Ep3_1-1-1_Album_CoverTitle-150x150.jpg 150w, https:\/\/prismakollektiv.ch\/wp-content\/uploads\/2026\/03\/PR\u00b7SMA_Ep3_1-1-1_Album_CoverTitle-768x768.jpg 768w, https:\/\/prismakollektiv.ch\/wp-content\/uploads\/2026\/03\/PR\u00b7SMA_Ep3_1-1-1_Album_CoverTitle-1536x1536.jpg 1536w, https:\/\/prismakollektiv.ch\/wp-content\/uploads\/2026\/03\/PR\u00b7SMA_Ep3_1-1-1_Album_CoverTitle-1080x1080.jpg 1080w, https:\/\/prismakollektiv.ch\/wp-content\/uploads\/2026\/03\/PR\u00b7SMA_Ep3_1-1-1_Album_CoverTitle-1280x1280.jpg 1280w, https:\/\/prismakollektiv.ch\/wp-content\/uploads\/2026\/03\/PR\u00b7SMA_Ep3_1-1-1_Album_CoverTitle-980x980.jpg 980w, https:\/\/prismakollektiv.ch\/wp-content\/uploads\/2026\/03\/PR\u00b7SMA_Ep3_1-1-1_Album_CoverTitle-480x480.jpg 480w\" sizes=\"(max-width: 2000px) 100vw, 2000px\" \/><\/p>\n<p>[\/et_pb_text][et_pb_toggle title=&#187;Mehr lesen&#187; open_toggle_text_color=&#187;RGBA(255,255,255,0)&#187; icon_color=&#187;#000000&#8243; use_icon_font_size=&#187;on&#187; icon_font_size=&#187;25px&#187; open_icon_color=&#187;#000000&#8243; open_use_icon_font_size=&#187;on&#187; open_icon_font_size=&#187;25px&#187; _builder_version=&#187;4.27.4&#8243; _module_preset=&#187;default&#187; title_text_color=&#187;#000000&#8243; background_color=&#187;RGBA(255,255,255,0)&#187; min_height=&#187;0px&#187; custom_margin=&#187;0px||0px||true|false&#187; custom_padding=&#187;1px||20px||false|false&#187; border_width_all=&#187;0px&#187; border_width_bottom=&#187;0px&#187; global_colors_info=&#187;{}&#187;]<\/p>\n<p class=\"p1\"><span class=\"s1\">Der\u00a0Soundtrack von\u00a0<i>1+1+1\u00a0<\/i>ist ver\u00f6ffentlicht!<\/span><\/p>\n<p class=\"p1\"><span class=\"s1\">Luca Magnis Musik f\u00fcr die dritte Episode von<i>\u00a0Poems From Inner Space<\/i>\u00a0vereint die sanften Kl\u00e4nge von Violine, Viola und Cello mit intensiven Synths: Die Neue Kurkapelle Baden trifft\u00a0synergetisch\u00a0auf PR\u00b7SMA. Das Album ist auf\u00a0<strong><a href=\"https:\/\/lucamagni.bandcamp.com\/album\/poems-from-inner-space-episode-1\"><span class=\"s2\">Bandcamp<\/span><\/a><\/strong> und allen Streaminganbieter zu finden.<\/span><span class=\"s1\"><\/span><\/p>\n<p class=\"p1\"><span class=\"s1\">F\u00fcr alle, die noch einmal die Bildwelten\u00a0des St\u00fccks am Kurtheater Baden durchstreifen\u00a0m\u00f6chten, gibt es die<\/span><a href=\"https:\/\/prismakollektiv.ch\/index.php\/111_bildgalerie\/\" target=\"_blank\" rel=\"noopener\"><span class=\"s3\">\u00a0<span style=\"text-decoration: underline;\"><strong>Bildgalerie mit Impressionen\u00a0aus\u00a0<i>1+1+1<\/i><\/strong><\/span><\/span><span style=\"text-decoration: underline;\"><strong><span class=\"s1\">.<\/span><\/strong><\/span><\/a><span class=\"s1\"><br \/><\/span><span class=\"s1\">F\u00fcr diese\u00a0Zeitreise\u00a0empfehlen wir, dabei in die Klangwelten\u00a0einzutauchen.<\/span><span class=\"s1\"><\/span><\/p>\n<p class=\"p3\"><span class=\"s1\"><b><i>1+1+1<br \/><\/i><\/b><\/span><span class=\"s1\"><b>Soundtrack<\/b><b><\/b><\/span><span class=\"s1\"><\/span><\/p>\n<p class=\"p5\"><span class=\"s5\">Komposition <b>Luca Magni<br \/><\/b><b><\/b><\/span><span class=\"s5\">Musik<b>\u00a0Luca Magni und Neue Kurkapelle Baden<br \/><\/b><b><\/b><\/span><span class=\"s5\">Artwork <b>Demian Bern<\/b><b><\/b><\/span><span class=\"s1\"><\/span><span class=\"s5\"><b><\/b><\/span><\/p>\n<p class=\"p6\"><strong><span class=\"s3\"><span class=\"agsdi-icon\" data-icon=\"agsdix-seth-arrow_triangle-right_alt\" style=\"font-size: 12;\">arrow_triangle right_alt icon<\/span> <a href=\"https:\/\/lucamagni.bandcamp.com\/album\/1-1-1\" target=\"_blank\" rel=\"noopener\">Bandcamp<\/a><\/span><a href=\"https:\/\/lucamagni.bandcamp.com\/album\/1-1-1\" target=\"_blank\" rel=\"noopener\"><span class=\"s6\">\u00a0<\/span><\/a><\/strong><\/p>\n<p class=\"p1\"><strong><a href=\"https:\/\/open.spotify.com\/intl-de\/album\/5WWw2rlNDNHd7iOWjgxF5m?si=zDjHBYLeQXK40SEiYIYpCg\" target=\"_blank\" rel=\"noopener\"><span class=\"s1\"><span class=\"s3\"><span class=\"agsdi-icon\" data-icon=\"agsdix-seth-arrow_triangle-right_alt\" style=\"font-size: 12;\">arrow_triangle right_alt icon<\/span><\/span> Spotify<\/span><\/a><\/strong><\/p>\n<p class=\"p1\"><strong><a href=\"https:\/\/music.apple.com\/ch\/album\/1-1-1-original-dance-soundtrack\/1871260354\" target=\"_blank\" rel=\"noopener\"><span class=\"s1\"><span class=\"s3\"><span class=\"agsdi-icon\" data-icon=\"agsdix-seth-arrow_triangle-right_alt\" style=\"font-size: 12;\">arrow_triangle right_alt icon<\/span><\/span> Apple Music <\/span><\/a><\/strong><\/p>\n<p>[\/et_pb_toggle][et_pb_text _builder_version=&#187;4.20.2&#8243; _module_preset=&#187;default&#187; custom_margin=&#187;|20px|10px|20px|false|false&#187; custom_padding=&#187;30px||0px||false|false&#187; border_width_top=&#187;3px&#187; global_colors_info=&#187;{}&#187;]<\/p>\n<h3><\/h3>\n<p><span><strong><\/strong><\/span><\/p>\n<p>[\/et_pb_text][\/et_pb_column][\/et_pb_row][et_pb_row _builder_version=&#187;4.19.4&#8243; _module_preset=&#187;default&#187; width=&#187;100%&#187; max_width=&#187;1370px&#187; module_alignment=&#187;center&#187; custom_margin=&#187;||||false|false&#187; global_colors_info=&#187;{}&#187;][et_pb_column type=&#187;4_4&#8243; _builder_version=&#187;4.17.4&#8243; _module_preset=&#187;default&#187; global_colors_info=&#187;{}&#187;][et_pb_video src=&#187;https:\/\/vimeo.com\/782812099&#8243; _builder_version=&#187;4.27.4&#8243; _module_preset=&#187;default&#187; module_alignment=&#187;center&#187; custom_margin=&#187;|0px||0px|false|true&#187; custom_padding=&#187;|0px||0px|false|true&#187; global_colors_info=&#187;{}&#187;][\/et_pb_video][\/et_pb_column][\/et_pb_row][et_pb_row _builder_version=&#187;4.19.4&#8243; _module_preset=&#187;default&#187; width=&#187;100%&#187; max_width=&#187;1280px&#187; custom_margin=&#187;||0px||false|false&#187; custom_padding=&#187;||0px||false|false&#187; border_width_bottom=&#187;3px&#187; global_colors_info=&#187;{}&#187;][et_pb_column type=&#187;4_4&#8243; _builder_version=&#187;4.19.4&#8243; _module_preset=&#187;default&#187; global_colors_info=&#187;{}&#187;][et_pb_text module_id=&#187;projekte&#187; _builder_version=&#187;4.19.4&#8243; _module_preset=&#187;default&#187; custom_margin=&#187;24px||0px|24px|false|false&#187; custom_padding=&#187;||||false|false&#187; global_colors_info=&#187;{}&#187;]<\/p>\n<h1>PROJEKTE<\/h1>\n<p>[\/et_pb_text][\/et_pb_column][\/et_pb_row][et_pb_row column_structure=&#187;1_3,1_3,1_3&#8243; _builder_version=&#187;4.19.4&#8243; _module_preset=&#187;default&#187; width=&#187;100%&#187; max_width=&#187;1280px&#187; custom_padding=&#187;||26px||false|false&#187; global_colors_info=&#187;{}&#187;][et_pb_column type=&#187;1_3&#8243; _builder_version=&#187;4.19.4&#8243; _module_preset=&#187;default&#187; global_colors_info=&#187;{}&#187;][et_pb_text _builder_version=&#187;4.20.2&#8243; _module_preset=&#187;default&#187; custom_margin=&#187;|20px|10px|20px|false|false&#187; custom_padding=&#187;30px||0px||false|false&#187; locked=&#187;off&#187; global_colors_info=&#187;{}&#187;]<\/p>\n<h3>POEMS FROM INNER SPACE<br \/>Episode 1<\/h3>\n<p><img decoding=\"async\" src=\"https:\/\/prismakollektiv.ch\/wp-content\/uploads\/2023\/03\/5_PFIS_EP1_374-poems_from_inner_space-0374-20220903_\u00a9Roberto_Conciatori.jpg\" alt=\"\" class=\"wp-image-1009 aligncenter size-full\" width=\"undefined\" height=\"undefined\" \/><\/p>\n<p>[\/et_pb_text][et_pb_toggle title=&#187;Mehr lesen&#187; open_toggle_text_color=&#187;RGBA(255,255,255,0)&#187; icon_color=&#187;#000000&#8243; use_icon_font_size=&#187;on&#187; icon_font_size=&#187;25px&#187; open_icon_color=&#187;#000000&#8243; open_use_icon_font_size=&#187;on&#187; open_icon_font_size=&#187;25px&#187; _builder_version=&#187;4.20.2&#8243; _module_preset=&#187;default&#187; title_text_color=&#187;#000000&#8243; background_color=&#187;RGBA(255,255,255,0)&#187; min_height=&#187;0px&#187; custom_margin=&#187;0px||0px||true|false&#187; custom_padding=&#187;1px||20px||false|false&#187; border_width_all=&#187;0px&#187; border_width_bottom=&#187;0px&#187; locked=&#187;off&#187; global_colors_info=&#187;{}&#187;]<\/p>\n<p><strong>PR\u00b7SMA erkl\u00e4rt mit Tanz und Klang den Stadtraum zur B\u00fchne<\/strong><\/p>\n<p>Polymorphe Wesen tanzen \u00fcber Wiesen und Asphalt. Sie sind zugleich Flora und Fauna, Atom und Energie, physische und geistige Materie. Sie bewegen sich nach eigenen Mustern von Zeit und Raum. Ihre Sehnsucht nach dem unergr\u00fcndlichen Ursprung f\u00fchrt sie im Hier und Jetzt zusammen, um eine Koexistenz als neuen K\u00f6rper zu verhandeln: aus Reibung, Harmonie, Dissonanz und Zerfall entsteht ein Organismus, der mehr birgt, als die Summe seiner einzelnen Teile.<\/p>\n<p>Mit Kopfh\u00f6rern ausgestattet, erleben die Zuschauer*innen das t\u00e4nzerisch inszenierte B\u00e4derquartier auf unterschiedlichen Routen bis zum Sachs-Pavillon, der f\u00fcr diesen Anlass zur Freilichtb\u00fchne wird. Die Tanzperformance entf\u00fchrt in die Resonanzr\u00e4ume zwischen Mensch und Welt und spielt dort mit Variationen unseres anthropozentrischen Blicks. Sie ist der erste Teil von <em>Poems From Inner Space.<\/em> Das Kollektiv PR\u00b7SMA pr\u00e4sentiert die Trilogie \u00fcber drei Spielzeiten im \u00f6ffentlichen Terrain der Stadt Baden, im K\u00f6rper des Kurtheaters und auf dessen B\u00fchne.<\/p>\n<p><strong>\u00a0<\/strong><\/p>\n<div style=\"padding: 56.25% 0 0 0; position: relative;\"><iframe src=\"https:\/\/player.vimeo.com\/video\/782812099?badge=0&#038;autopause=0&#038;quality_selector=1&#038;progress_bar=1&#038;player_id=0&#038;app_id=58479\" frameborder=\"0\" allow=\"autoplay; fullscreen; picture-in-picture\" style=\"position: absolute; top: 0; left: 0; width: 100%; height: 100%;\" title=\"Poems From Inner Space \u2013 Episode 1 | trailer\"><\/iframe><\/div>\n<p>\n<script src=\"https:\/\/player.vimeo.com\/api\/player.js\"><\/script>\n<\/p>\n<p><strong>\u00a0<\/strong><\/p>\n<p><b><span data-contrast=\"auto\">2.\u20134.9.2022<\/span><\/b><span data-ccp-props=\"{}\">\u00a0<\/span><\/p>\n<p><b><span data-contrast=\"auto\">Kurtheater Baden \/CH<\/span><\/b><span data-ccp-props=\"{}\">\u00a0<\/span><\/p>\n<p>Tanz <strong>Alex Ferro, Chiara Martina Halter, Abraham Iglesias Rodriguez, Nina Maria Richard, Oriana \u201cGlory\u201d Zeoli<br \/><\/strong>K\u00fcnstlerische Leitung <strong>PR\u00b7SMA<br \/><\/strong>Choreografie <strong>Elena Morena Weber, Lucas del Rio Est\u00e9vez &#038; Ensemble<br \/><\/strong>Komposition <strong>Luca Magni<br \/><\/strong>Szenografie<strong> Demian Bern<br \/><\/strong>Kost\u00fcme <strong>Ljuba Avvakumova<br \/><\/strong>Skulpturen <strong>Kestutis \u201cKestas\u201d Svirnelis<br \/><\/strong>Licht <strong>Patrick Hunka<br \/><\/strong>Stimmen <strong>Barbara Stoll<br \/><\/strong>Koproduktion <strong>Kurtheater Baden<br \/><\/strong>Support <strong>Aargauer Kuratorium, Ernst G\u00f6hner Stiftung, Kulturstiftung der Credit Suisse Aargau, Stiftung Lebensraum Aargau<\/strong><strong><\/strong><\/p>\n<p>[\/et_pb_toggle][et_pb_text _builder_version=&#187;4.19.4&#8243; _module_preset=&#187;default&#187; custom_margin=&#187;|20px|10px|20px|false|false&#187; custom_padding=&#187;30px||0px||false|false&#187; border_width_top=&#187;3px&#187; global_colors_info=&#187;{}&#187;]<\/p>\n<h3><\/h3>\n<p><span><strong><\/strong><\/span><\/p>\n<p>[\/et_pb_text][et_pb_text disabled_on=&#187;off|off|off&#187; module_id=&#187;motion&#187; _builder_version=&#187;4.20.2&#8243; _module_preset=&#187;default&#187; custom_margin=&#187;|20px|10px|20px|false|false&#187; custom_padding=&#187;30px||||false|false&#187; global_colors_info=&#187;{}&#187;]<\/p>\n<h3>MOTION<br \/>Neue Kurkapelle Baden feat. PR\u00b7SMA<\/h3>\n<p><img loading=\"lazy\" decoding=\"async\" src=\"https:\/\/prismakollektiv.ch\/wp-content\/uploads\/2024\/06\/PR\u00b7SMA_Ep3_Motion_1080x1080.jpg\" width=\"1920\" height=\"1080\" alt=\"\" class=\"wp-image-1442 aligncenter size-full\" srcset=\"https:\/\/prismakollektiv.ch\/wp-content\/uploads\/2024\/06\/PR\u00b7SMA_Ep3_Motion_1080x1080.jpg 1920w, https:\/\/prismakollektiv.ch\/wp-content\/uploads\/2024\/06\/PR\u00b7SMA_Ep3_Motion_1080x1080-300x169.jpg 300w, https:\/\/prismakollektiv.ch\/wp-content\/uploads\/2024\/06\/PR\u00b7SMA_Ep3_Motion_1080x1080-1024x576.jpg 1024w, https:\/\/prismakollektiv.ch\/wp-content\/uploads\/2024\/06\/PR\u00b7SMA_Ep3_Motion_1080x1080-768x432.jpg 768w, https:\/\/prismakollektiv.ch\/wp-content\/uploads\/2024\/06\/PR\u00b7SMA_Ep3_Motion_1080x1080-1536x864.jpg 1536w, https:\/\/prismakollektiv.ch\/wp-content\/uploads\/2024\/06\/PR\u00b7SMA_Ep3_Motion_1080x1080-1080x608.jpg 1080w, https:\/\/prismakollektiv.ch\/wp-content\/uploads\/2024\/06\/PR\u00b7SMA_Ep3_Motion_1080x1080-1280x720.jpg 1280w, https:\/\/prismakollektiv.ch\/wp-content\/uploads\/2024\/06\/PR\u00b7SMA_Ep3_Motion_1080x1080-980x551.jpg 980w, https:\/\/prismakollektiv.ch\/wp-content\/uploads\/2024\/06\/PR\u00b7SMA_Ep3_Motion_1080x1080-480x270.jpg 480w\" sizes=\"(max-width: 1920px) 100vw, 1920px\" \/><\/p>\n<p>[\/et_pb_text][et_pb_toggle title=&#187;Mehr lesen&#187; open_toggle_text_color=&#187;RGBA(255,255,255,0)&#187; icon_color=&#187;#000000&#8243; use_icon_font_size=&#187;on&#187; icon_font_size=&#187;25px&#187; open_icon_color=&#187;#000000&#8243; open_use_icon_font_size=&#187;on&#187; open_icon_font_size=&#187;25px&#187; disabled_on=&#187;off|off|off&#187; _builder_version=&#187;4.20.2&#8243; _module_preset=&#187;default&#187; title_text_color=&#187;#000000&#8243; background_color=&#187;RGBA(255,255,255,0)&#187; min_height=&#187;0px&#187; custom_margin=&#187;0px||0px||true|false&#187; custom_padding=&#187;1px||20px||false|false&#187; border_width_all=&#187;0px&#187; border_width_bottom=&#187;0px&#187; locked=&#187;off&#187; global_colors_info=&#187;{}&#187;]<\/p>\n<p><span data-contrast=\"none\">Die Neue Kurkapelle Baden er\u00f6ffnet ihre Saison mit einem\u202fKonzert f\u00fcr Streicher und Perkussion, welches sich ganz dem Thema Tanz in der Musik widmet. In diesem Rahmen bietet PR\u00b7SMA einen FIELD COMPOSITION Workshop an. In der choreografischen Methode f\u00fcr Tanz in \u00f6ffentlichen R\u00e4umen entstehen bewegte Bilder im Zusammenspiel mit der Umgebung und der live Musik des Orchesters.<\/span><span data-ccp-props=\"{}\">\u00a0<\/span><\/p>\n<p><span data-contrast=\"none\">Die Teilnahme ist kostenlos und steht f\u00fcr Menschen mit und ohne Beeintr\u00e4chtigung offen. T\u00e4nzerische Vorkenntnisse sind kein Muss; es z\u00e4hlt die Freude an Bewegung.<\/span><span><br \/><\/span><span data-ccp-props=\"{}\">\u00a0<\/span><\/p>\n<p><span data-contrast=\"none\">Anmeldung bis 31.5. \u00fcber <\/span><a href=\"mailto:info@prismakollektiv.ch\"><span data-contrast=\"none\">info@prismakollektiv.ch<\/span><\/a><span data-ccp-props=\"{\"134245417\":false,\"335559739\":240}\">\u00a0<\/span><\/p>\n<p><span data-contrast=\"none\">Sa 8.6.<\/span><span><br \/><\/span><span data-contrast=\"none\">11\u201315 Uhr<\/span><span><br \/><\/span><span data-contrast=\"none\">Trafo Baden, Halle 36.3<\/span><span data-ccp-props=\"{\"335559737\":600}\">\u00a0<\/span><\/p>\n<p><span data-contrast=\"none\">ab 13.30 Uhr trifft live komponierter Tanz auf die Neue Kurkapelle Baden<\/span><span data-ccp-props=\"{\"335559737\":600}\">\u00a0<\/span><\/p>\n<p><span data-contrast=\"none\">Trafo Baden, Halle 36.3<\/span><span data-ccp-props=\"{\"335559737\":600}\">\u00a0<\/span><\/p>\n<p><span data-contrast=\"none\">Die Neue Kurkapelle Baden pr\u00e4sentiert ihr gesamtes Konzertprogramm MOTION<\/span><span><br \/><\/span><span data-contrast=\"none\">am Sonntag, 9. Juni um 17 Uhr im Trafo Baden, Halle 36.3\u202f<\/span><span data-ccp-props=\"{\"335559737\":600}\">\u00a0<\/span><\/p>\n<p>[\/et_pb_toggle][et_pb_text disabled_on=&#187;off|off|off&#187; _builder_version=&#187;4.20.2&#8243; _module_preset=&#187;default&#187; custom_margin=&#187;|20px|10px|20px|false|false&#187; custom_padding=&#187;30px||0px||false|false&#187; border_width_top=&#187;3px&#187; global_colors_info=&#187;{}&#187;]<\/p>\n<h3><\/h3>\n<p><span><strong><\/strong><\/span><\/p>\n<p>[\/et_pb_text][et_pb_text module_id=&#187;offene&#187; _builder_version=&#187;4.20.2&#8243; _module_preset=&#187;default&#187; custom_margin=&#187;0px|20px|-10px|20px|false|false&#187; custom_padding=&#187;30px||0px||false|false&#187; global_colors_info=&#187;{}&#187;]<\/p>\n<h3><span class=\"LineBreakBlob BlobObject DragDrop SCXW6825778 BCX0\">OFFENE B\u00dcHNE<br class=\"SCXW6825778 BCX0\" \/><\/span><span data-contrast=\"none\" xml:lang=\"DE-DE\" lang=\"DE-DE\" class=\"TextRun MacChromeBold SCXW6825778 BCX0\"><span class=\"NormalTextRun SCXW6825778 BCX0\">im Kurtheater Baden<\/span><\/span><span class=\"EOP SCXW6825778 BCX0\" data-ccp-props=\"{\"335559737\":600}\">\u00a0<\/span><\/h3>\n<p><img loading=\"lazy\" decoding=\"async\" src=\"https:\/\/prismakollektiv.ch\/wp-content\/uploads\/2024\/06\/PR\u00b7SMA_OffeneBuehne_1920x1080.jpg\" width=\"1920\" height=\"1080\" alt=\"\" class=\"wp-image-1443 aligncenter size-full\" srcset=\"https:\/\/prismakollektiv.ch\/wp-content\/uploads\/2024\/06\/PR\u00b7SMA_OffeneBuehne_1920x1080.jpg 1920w, https:\/\/prismakollektiv.ch\/wp-content\/uploads\/2024\/06\/PR\u00b7SMA_OffeneBuehne_1920x1080-300x169.jpg 300w, https:\/\/prismakollektiv.ch\/wp-content\/uploads\/2024\/06\/PR\u00b7SMA_OffeneBuehne_1920x1080-1024x576.jpg 1024w, https:\/\/prismakollektiv.ch\/wp-content\/uploads\/2024\/06\/PR\u00b7SMA_OffeneBuehne_1920x1080-768x432.jpg 768w, https:\/\/prismakollektiv.ch\/wp-content\/uploads\/2024\/06\/PR\u00b7SMA_OffeneBuehne_1920x1080-1536x864.jpg 1536w, https:\/\/prismakollektiv.ch\/wp-content\/uploads\/2024\/06\/PR\u00b7SMA_OffeneBuehne_1920x1080-1080x608.jpg 1080w, https:\/\/prismakollektiv.ch\/wp-content\/uploads\/2024\/06\/PR\u00b7SMA_OffeneBuehne_1920x1080-1280x720.jpg 1280w, https:\/\/prismakollektiv.ch\/wp-content\/uploads\/2024\/06\/PR\u00b7SMA_OffeneBuehne_1920x1080-980x551.jpg 980w, https:\/\/prismakollektiv.ch\/wp-content\/uploads\/2024\/06\/PR\u00b7SMA_OffeneBuehne_1920x1080-480x270.jpg 480w\" sizes=\"(max-width: 1920px) 100vw, 1920px\" \/><br \/><span><strong><\/strong><\/span><\/p>\n<p>[\/et_pb_text][et_pb_toggle title=&#187;Mehr lesen&#187; open_toggle_text_color=&#187;RGBA(255,255,255,0)&#187; icon_color=&#187;#000000&#8243; use_icon_font_size=&#187;on&#187; icon_font_size=&#187;25px&#187; open_icon_color=&#187;#000000&#8243; open_use_icon_font_size=&#187;on&#187; open_icon_font_size=&#187;25px&#187; _builder_version=&#187;4.20.2&#8243; _module_preset=&#187;default&#187; title_text_color=&#187;#000000&#8243; background_color=&#187;RGBA(255,255,255,0)&#187; min_height=&#187;0px&#187; custom_margin=&#187;0px||0px||true|false&#187; custom_padding=&#187;1px||20px||false|false&#187; border_width_all=&#187;0px&#187; border_width_bottom=&#187;0px&#187; locked=&#187;off&#187; global_colors_info=&#187;{}&#187;]<\/p>\n<p><strong><span>PR\u00b7SMA l\u00e4dt ein, die neue Tanzperformance <em>1+1+1<\/em> aktiv mitzuerleben<\/span><\/strong><\/p>\n<p><strong><em><span>Poems From Inner Space<\/span><\/em><span> gelangt in der dritten Episode zum Inneren einer Spirale: Vom Tanzparcours im B\u00e4derquartier (<em>Episode 1<\/em>, 2022) hin zur Heldenreise durch das Kurtheater (<em>QUEST<\/em>, 2023) konzentriert sich der Sog nun auf der B\u00fchne. Die Tanzperformance <em>1+1+1<\/em> verspricht ein besonderes Rendezvous mit dem Publikum. Zu Gast sind die Neue Kurkapelle Baden mit einem Streichertrio und Sie, liebes Publikum.<br \/><\/span><\/strong><span>Zum feierlichen Abschluss von\u00a0<em>Poems From Inner Space<\/em>\u00a0sprechen wir eine Einladung auf die B\u00fchne des Kurtheaters aus: Im Vorfeld zu den Auff\u00fchrungen von\u00a0<em>1+1+1<\/em>\u00a0laden wir an zwei Wochenenden im Oktober mit der\u00a0<em>Offenen B\u00fchne<\/em>\u00a0ein, den Kreationsprozess aktiv mitzuerleben und Teil des St\u00fccks zu werden. Neugierige erwartet ein t\u00e4nzerisches Happening auf der grossen B\u00fchne, wo wir gemeinsam in Szenen des St\u00fccks eintauchen. Und wer sich traut, ist dar\u00fcber hinaus herzlich eingeladen, in der echten Show mitzuwirken. Einzige Voraussetzung zur Teilnahme: Anwesenheit an mindestens einem Termin der\u00a0<em>Offenen B\u00fchne<\/em>, an den Haupt- und Generalproben sowie an den Auff\u00fchrungen. <br \/><\/span><span>Noch einmal erschliessen wir mit\u00a01+1+1\u00a0Begegnungsr\u00e4ume, die weit \u00fcber den Moment der Auff\u00fchrung hinausgehen. Denn PR\u00b7SMA zeichnet sich nicht nur durch die Inszenierung von Tanz f\u00fcr und jenseits der B\u00fchne aus, sondern auch durch Formate wie Public Warm-ups und Field Composition Workshops im Stadtraum, die Tanz sowohl f\u00fcr Teilnehmende wie auch Beobachtende physisch erlebbar machen.<\/span><\/p>\n<p><span data-contrast=\"none\">Offene B\u00fchne:<\/span><span data-ccp-props=\"{\"335559737\":600}\">\u00a0<\/span><\/p>\n<p><span data-contrast=\"none\">Sa 5.10. 16\u201318 Uhr<\/span><span data-ccp-props=\"{\"335559737\":600}\">\u00a0<br \/><\/span><span data-contrast=\"none\">So 6.10. 16\u201318 Uhr<\/span><span data-ccp-props=\"{\"335559737\":600}\">\u00a0<br \/><\/span><span data-contrast=\"none\">Fr 11.10. 19\u201321 Uhr<\/span><span data-ccp-props=\"{\"335559737\":600}\">\u00a0<br \/><\/span><span data-contrast=\"none\">Sa 12.10. 19\u201321 Uhr<\/span><span data-ccp-props=\"{\"335559737\":600}\">\u00a0<\/span><\/p>\n<p><span data-contrast=\"none\">Termine bei Mitwirkung an den Auff\u00fchrungen:<\/span><span data-ccp-props=\"{\"335559737\":600}\">\u00a0<br \/><\/span><span data-contrast=\"none\">Di 22.10. 19\u201321 Uhr (Hauptprobe)<\/span><span><br \/><\/span><span data-contrast=\"none\">Mi 23.10. 19\u201321 Uhr (Generalprobe)<\/span><span><br \/><\/span><span data-contrast=\"none\">Do 24.10. 19\u201321 Uhr (Premi\u00e8re)<\/span><span data-ccp-props=\"{\"335559737\":600}\">\u00a0<br \/><\/span><span data-contrast=\"none\">Fr 25.10. 19\u201321 Uhr (zweite Auff\u00fchrung)<\/span><span data-ccp-props=\"{\"335559737\":600}\">\u00a0<\/span><\/p>\n<p><span data-contrast=\"none\">Treffpunkt: Parkplatz hinter dem Kurtheater Baden<br \/><\/span><span data-ccp-props=\"{}\"><\/span><span>Die Teilnahme an der\u00a0<em>Offenen B\u00fchne<\/em>\u00a0ist kostenlos. Es ist keine Anmeldung notwendig.<\/span><\/p>\n<p>[\/et_pb_toggle][et_pb_text _builder_version=&#187;4.20.2&#8243; _module_preset=&#187;default&#187; custom_margin=&#187;|20px|10px|20px|false|false&#187; custom_padding=&#187;30px||0px||false|false&#187; border_width_top=&#187;3px&#187; global_colors_info=&#187;{}&#187;]<\/p>\n<h3><\/h3>\n<p><span><strong><\/strong><\/span><\/p>\n<p>[\/et_pb_text][\/et_pb_column][et_pb_column type=&#187;1_3&#8243; _builder_version=&#187;4.19.4&#8243; _module_preset=&#187;default&#187; global_colors_info=&#187;{}&#187;][et_pb_text module_id=&#187;Quest&#187; _builder_version=&#187;4.20.2&#8243; _module_preset=&#187;default&#187; custom_margin=&#187;|20px|0px|20px|false|false&#187; custom_padding=&#187;30px||0px||false|false&#187; locked=&#187;off&#187; global_colors_info=&#187;{}&#187;]<\/p>\n<h3>POEMS FROM INNER SPACE<br \/>Episode 2: QUEST<\/h3>\n<h3><img loading=\"lazy\" decoding=\"async\" src=\"https:\/\/prismakollektiv.ch\/wp-content\/uploads\/2023\/03\/pr\u00b7sma_quest_01_1920x1080_rgb_\u00a9demianbern.jpg\" alt=\"\" class=\"wp-image-1128 aligncenter size-full\" width=\"1920\" height=\"1080\" srcset=\"https:\/\/prismakollektiv.ch\/wp-content\/uploads\/2023\/03\/pr\u00b7sma_quest_01_1920x1080_rgb_\u00a9demianbern.jpg 1920w, https:\/\/prismakollektiv.ch\/wp-content\/uploads\/2023\/03\/pr\u00b7sma_quest_01_1920x1080_rgb_\u00a9demianbern-300x169.jpg 300w, https:\/\/prismakollektiv.ch\/wp-content\/uploads\/2023\/03\/pr\u00b7sma_quest_01_1920x1080_rgb_\u00a9demianbern-1024x576.jpg 1024w, https:\/\/prismakollektiv.ch\/wp-content\/uploads\/2023\/03\/pr\u00b7sma_quest_01_1920x1080_rgb_\u00a9demianbern-768x432.jpg 768w, https:\/\/prismakollektiv.ch\/wp-content\/uploads\/2023\/03\/pr\u00b7sma_quest_01_1920x1080_rgb_\u00a9demianbern-1536x864.jpg 1536w, https:\/\/prismakollektiv.ch\/wp-content\/uploads\/2023\/03\/pr\u00b7sma_quest_01_1920x1080_rgb_\u00a9demianbern-1080x608.jpg 1080w, https:\/\/prismakollektiv.ch\/wp-content\/uploads\/2023\/03\/pr\u00b7sma_quest_01_1920x1080_rgb_\u00a9demianbern-1280x720.jpg 1280w, https:\/\/prismakollektiv.ch\/wp-content\/uploads\/2023\/03\/pr\u00b7sma_quest_01_1920x1080_rgb_\u00a9demianbern-980x551.jpg 980w, https:\/\/prismakollektiv.ch\/wp-content\/uploads\/2023\/03\/pr\u00b7sma_quest_01_1920x1080_rgb_\u00a9demianbern-480x270.jpg 480w\" sizes=\"(max-width: 1920px) 100vw, 1920px\" \/><\/h3>\n<p>[\/et_pb_text][et_pb_toggle title=&#187;Mehr lesen&#187; open_toggle_text_color=&#187;RGBA(255,255,255,0)&#187; icon_color=&#187;#000000&#8243; use_icon_font_size=&#187;on&#187; icon_font_size=&#187;25px&#187; open_icon_color=&#187;#000000&#8243; open_use_icon_font_size=&#187;on&#187; open_icon_font_size=&#187;25px&#187; _builder_version=&#187;4.20.2&#8243; _module_preset=&#187;default&#187; title_text_color=&#187;#000000&#8243; background_color=&#187;RGBA(255,255,255,0)&#187; min_height=&#187;0px&#187; custom_margin=&#187;0px||0px||true|false&#187; custom_padding=&#187;1px||20px||false|false&#187; border_width_all=&#187;0px&#187; border_width_bottom=&#187;0px&#187; locked=&#187;off&#187; global_colors_info=&#187;{}&#187;]<\/p>\n<p>Nach einem Tanzparcours durch das B\u00e4derquartier in Episode 1 (2022) entf\u00fchrt PR\u00b7SMA das Publikum nun in den K\u00f6rper des Kurtheaters. Mit QUEST inszeniert das Kollektiv eine musikalische Raumplastik, in der sich Tanz, Bewegtbild und kinetische Skulpturen finden \u2013 als Gef\u00e4hrten, Gegner und Geliebte.<br \/>Wir fordern es heraus, beugen uns ihm, suchen es auszutricksen, wehren es ab und meinen, es lenken zu k\u00f6nnen. Das Schicksal aber schickt uns unweigerlich auf vorbestimmte Bahnen. Hat es uns im Griff oder nehmen wir es selbst in die Hand?<br \/>Die Tanzperformance QUEST l\u00e4dt ein zu einer Heldenreise durch die Wunder\u00adkammern des Kurtheaters Baden. Sie f\u00fchrt das Publikum in die Eingeweide des Geb\u00e4udes, zu den verborgenen Orten, wo fern des Vertrauten die Sinne unerwarteten Verf\u00fchrungen ausgesetzt sind. Hier spiegelt sich das Leben im Spiel. Dessen Trieb wird zur Metapher f\u00fcr Existenz und die Verhandlung seiner Regeln zur Spekulation \u00fcber das Zuk\u00fcnftige.<\/p>\n<p><b><span data-contrast=\"auto\">13.\u201315.12.2023<\/span><\/b><span data-ccp-props=\"{}\">\u00a0<\/span><\/p>\n<p><b><span data-contrast=\"auto\">Kurtheater Baden \/CH<\/span><\/b><span data-ccp-props=\"{}\">\u00a0<\/span><\/p>\n<p>Tanz <strong>Alex Ferro, Chiara Martina Halter, Abraham Iglesias Rodriguez, Nina Maria Richard, Clara Tullii, Oriana \u201eGlory\u201c Zeoli<\/strong><br \/>Konzept <strong>Kollektiv PR\u00b7SMA<\/strong><em><br \/><\/em>Choreografie <strong>Elena Morena Weber<\/strong><br \/>Komposition <strong>Luca Magni<\/strong><br \/>Co-Konzeption \/ Szenografie \/ Visuelle Kommunikation <strong>Demian<\/strong> <strong>Bern<\/strong><br \/>Choreografische Assistenz <strong>Nina Maria Richard<\/strong><br \/>Kinetische Skulpturen <strong>Kestutis \u201eKestas\u201c Svirnelis<br \/><\/strong>Kost\u00fcm <strong>Valeria Ballek, Demian Bern, Elena Morena Weber<br \/><\/strong>In Kooperation mit <strong>EXP.edition<\/strong><br \/>Koproduktion <strong>Kurtheater Baden<\/strong><strong><br \/><\/strong><span data-contrast=\"auto\" xml:lang=\"DE-DE\" lang=\"DE-DE\" class=\"TextRun Highlight SCXW202590215 BCX0\"><span class=\"NormalTextRun SCXW202590215 BCX0\">Unterst\u00fctzt von\u202f<\/span><\/span><strong><span data-contrast=\"auto\" xml:lang=\"DE-DE\" lang=\"DE-DE\" class=\"TextRun MacChromeBold SCXW202590215 BCX0\"><span class=\"NormalTextRun SCXW202590215 BCX0\">Aargauer Kuratorium, <\/span><span class=\"NormalTextRun SCXW202590215 BCX0\">Else von Sick Stiftung, <\/span><span class=\"NormalTextRun SCXW202590215 BCX0\">Ernst G\u00f6hner Stiftung, <\/span><span class=\"NormalTextRun SCXW202590215 BCX0\">Gemeinde Wettingen, <\/span><span class=\"NormalTextRun SCXW202590215 BCX0\">Stiftung Lebensraum Aargau<\/span><\/span><span class=\"EOP SCXW202590215 BCX0\" data-ccp-props=\"{}\">\u00a0<\/span><\/strong><\/p>\n<p>[\/et_pb_toggle][et_pb_text _builder_version=&#187;4.19.4&#8243; _module_preset=&#187;default&#187; custom_margin=&#187;|20px|10px|20px|false|false&#187; custom_padding=&#187;30px||0px||false|false&#187; border_width_top=&#187;3px&#187; global_colors_info=&#187;{}&#187;]<\/p>\n<h3><\/h3>\n<p><span><strong><\/strong><\/span><\/p>\n<p>[\/et_pb_text][et_pb_text _builder_version=&#187;4.20.2&#8243; _module_preset=&#187;default&#187; custom_margin=&#187;0px|20px|10px|20px|false|false&#187; custom_padding=&#187;||0px||false|false&#187; global_colors_info=&#187;{}&#187;]<\/p>\n<h3>TTTAAANNNZZZ!!!<br \/>Mit PR\u00b7SMA auf dem Theaterplatz<\/h3>\n<p><img decoding=\"async\" src=\"https:\/\/prismakollektiv.ch\/wp-content\/uploads\/2023\/03\/1_TTTAAANNNZZZ_204-poems_from_inner_space-0204-20220903_\u00a9Roberto_Conciatori.jpg\" width=\"undefined\" height=\"undefined\" alt=\"\" class=\"wp-image-1010 aligncenter size-full\" \/><\/p>\n<p>[\/et_pb_text][et_pb_toggle title=&#187;Mehr lesen&#187; open_toggle_text_color=&#187;RGBA(255,255,255,0)&#187; icon_color=&#187;#000000&#8243; use_icon_font_size=&#187;on&#187; icon_font_size=&#187;25px&#187; open_icon_color=&#187;#000000&#8243; open_use_icon_font_size=&#187;on&#187; open_icon_font_size=&#187;25px&#187; _builder_version=&#187;4.20.2&#8243; _module_preset=&#187;default&#187; title_text_color=&#187;#000000&#8243; background_color=&#187;RGBA(255,255,255,0)&#187; min_height=&#187;0px&#187; custom_margin=&#187;0px||0px||true|false&#187; custom_padding=&#187;1px||20px||false|false&#187; border_width_all=&#187;0px&#187; border_width_bottom=&#187;0px&#187; global_colors_info=&#187;{}&#187;]<\/p>\n<p>Im Rahmen von \u201e100 Jahre Badenfahrt\u201c bringt PR\u00b7SMA das Kurtheater in die Innenstadt Badens. Das Kollektiv verlegt die Proben f\u00fcr die Tanzperformance QUEST tempor\u00e4r in und rund um den Bau-100 auf dem Theaterplatz. Neben den \u00f6ffentlichen Proben stehen Public Warm-ups und Workshops mit den Tanzprofis auf dem Programm.<\/p>\n<p>Eine Kooperation mit EXP.edition, im Rahmen von \u201e100 Jahre Badenfahrt<\/p>\n<p><strong>Di 11.4. \u2013 So 16.4.<\/strong><br \/><strong>So 24.5. \/ So 7.5. \/ Mo 29.5.<br \/><\/strong><b><span>Bau-100 auf dem Theaterplatz, Baden \/<\/span><span>CH<\/span><\/b><\/p>\n<p><strong>\u00a0<\/strong><\/p>\n<p>&nbsp;<\/p>\n<p>[\/et_pb_toggle][et_pb_text _builder_version=&#187;4.19.4&#8243; _module_preset=&#187;default&#187; custom_margin=&#187;|20px|10px|20px|false|false&#187; custom_padding=&#187;30px||0px||false|false&#187; border_width_top=&#187;3px&#187; global_colors_info=&#187;{}&#187;][\/et_pb_text][\/et_pb_column][et_pb_column type=&#187;1_3&#8243; _builder_version=&#187;4.19.4&#8243; _module_preset=&#187;default&#187; global_colors_info=&#187;{}&#187;][et_pb_text disabled_on=&#187;off|off|off&#187; _builder_version=&#187;4.20.2&#8243; _module_preset=&#187;default&#187; custom_margin=&#187;|20px|10px|20px|false|false&#187; custom_padding=&#187;30px||||false|false&#187; global_colors_info=&#187;{}&#187;]<\/p>\n<h3><span data-ccp-props=\"{\"335559737\":600}\">POEMS FROM INNER SPACE<br \/><\/span><b><span data-contrast=\"none\">Episode 3: 1+1+1<br \/>PR\u00b7SMA feat. Neue Kurkapelle Baden<\/span><\/b><span data-ccp-props=\"{\"335559737\":600}\">\u00a0<\/span><\/h3>\n<p><img loading=\"lazy\" decoding=\"async\" src=\"https:\/\/prismakollektiv.ch\/wp-content\/uploads\/2024\/06\/PR\u00b7SMA_Ep3_111_1080x1080.jpg\" width=\"1080\" height=\"1080\" alt=\"\" class=\"wp-image-1441 aligncenter size-full\" srcset=\"https:\/\/prismakollektiv.ch\/wp-content\/uploads\/2024\/06\/PR\u00b7SMA_Ep3_111_1080x1080.jpg 1080w, https:\/\/prismakollektiv.ch\/wp-content\/uploads\/2024\/06\/PR\u00b7SMA_Ep3_111_1080x1080-300x300.jpg 300w, https:\/\/prismakollektiv.ch\/wp-content\/uploads\/2024\/06\/PR\u00b7SMA_Ep3_111_1080x1080-1024x1024.jpg 1024w, https:\/\/prismakollektiv.ch\/wp-content\/uploads\/2024\/06\/PR\u00b7SMA_Ep3_111_1080x1080-150x150.jpg 150w, https:\/\/prismakollektiv.ch\/wp-content\/uploads\/2024\/06\/PR\u00b7SMA_Ep3_111_1080x1080-768x768.jpg 768w, https:\/\/prismakollektiv.ch\/wp-content\/uploads\/2024\/06\/PR\u00b7SMA_Ep3_111_1080x1080-980x980.jpg 980w, https:\/\/prismakollektiv.ch\/wp-content\/uploads\/2024\/06\/PR\u00b7SMA_Ep3_111_1080x1080-480x480.jpg 480w\" sizes=\"(max-width: 1080px) 100vw, 1080px\" \/><\/p>\n<p>[\/et_pb_text][et_pb_toggle title=&#187;Mehr lesen&#187; open_toggle_text_color=&#187;RGBA(255,255,255,0)&#187; icon_color=&#187;#000000&#8243; use_icon_font_size=&#187;on&#187; icon_font_size=&#187;25px&#187; open_icon_color=&#187;#000000&#8243; open_use_icon_font_size=&#187;on&#187; open_icon_font_size=&#187;25px&#187; disabled_on=&#187;off|off|off&#187; _builder_version=&#187;4.20.2&#8243; _module_preset=&#187;default&#187; title_text_color=&#187;#000000&#8243; background_color=&#187;RGBA(255,255,255,0)&#187; min_height=&#187;0px&#187; custom_margin=&#187;0px||0px||true|false&#187; custom_padding=&#187;1px||20px||false|false&#187; border_width_all=&#187;0px&#187; border_width_bottom=&#187;0px&#187; locked=&#187;off&#187; global_colors_info=&#187;{}&#187;]<\/p>\n<p><span data-contrast=\"none\">Do 24.10.<\/span><span><br \/><\/span><span data-contrast=\"none\">19.30 Uhr Premi\u00e8re<\/span><span><br \/><\/span><\/p>\n<p><span data-contrast=\"none\">Fr 25.10.<\/span><span><br \/><\/span><span data-contrast=\"none\">19.30 Uhr<\/span><span data-ccp-props=\"{\"335559737\":600}\">\u00a0<\/span><\/p>\n<p><span data-contrast=\"none\">Kurtheater Baden<\/span><\/p>\n<p><span data-contrast=\"none\"><\/span><span data-ccp-props=\"{\"335559737\":600}\"><\/span><span data-contrast=\"none\">Wer es k\u00f6nnte: den Moment festhalten, r\u00e4umliche Grenzen aufheben, unsere Existenz begreifen. Mit pulsierenden K\u00f6rpern und vibrierenden Kl\u00e4ngen entwirft\u202fPR\u00b7SMA utopische Bilder. Sie er\u00f6ffnen ein Spannungsfeld aus Chaos und Ordnung. Dabei setzt sich das Kollektiv dem Risiko des Kontrollverlustes aus im hehren Versuch, mit dem Publikum eins zu werden.\u202f<\/span><span data-ccp-props=\"{\"134233117\":true,\"134233118\":true,\"335559738\":2,\"335559739\":2}\">\u00a0<\/span><\/p>\n<p><span data-contrast=\"none\">In ihrer dritten Episode gelangt die Trilogie <\/span><i><span data-contrast=\"none\">Poems From Inner Space <\/span><\/i><span data-contrast=\"none\">zum Inneren einer Spirale: Vom Tanzparcours im B\u00e4derquartier (Episode 1, 2022) hin zur Heldenreise durch das Kurtheater (QUEST, 2023) konzentriert sich der Sog nun im B\u00fchnenraum. Hier trifft PR\u00b7SMA auf das Streicher-Trio der Neuen Kurkapelle Baden. Gemeinsam setzen sie das Spiel mit den Parametern der Auff\u00fchrungsk\u00fcnste fort: Im Rampenlicht steht das Rendezvous mit dem Publikum.<\/span><span data-ccp-props=\"{\"134233117\":true,\"134233118\":true,\"335559738\":2,\"335559739\":2}\">\u00a0<\/span><\/p>\n<p><span data-contrast=\"none\">An zwei Wochenenden im Herbst l\u00e4dt PR\u00b7SMA mit dem Format <\/span><i><span data-contrast=\"none\">Offene B\u00fchne<\/span><\/i><span data-contrast=\"none\"> ein, den Kreationsprozess aktiv mitzuerleben und Teil des St\u00fccks zu werden. Neugierige erwartet ein t\u00e4nzerisches Happening auf der grossen B\u00fchne des Kurtheaters.<\/span><span data-ccp-props=\"{\"134233117\":true,\"134233118\":true,\"335559738\":2,\"335559739\":2}\">\u00a0<\/span><\/p>\n<p><span data-ccp-props=\"{\"134233117\":true,\"134233118\":true,\"335559738\":2,\"335559739\":2}\"><a href=\"https:\/\/www.kurtheater.ch\/spielplan\/details\/?id=2577\" target=\"_blank\" rel=\"noopener\">Tickets<\/a><\/span><\/p>\n<p><span data-contrast=\"auto\">Mit\u202f<\/span><b><span data-contrast=\"auto\">Anna Brugger, Alex Ferro, Luca Magni<\/span><\/b><span data-contrast=\"auto\">,\u202f<\/span><b><span data-contrast=\"auto\">Kristina Honegger, Abraham Iglesias Rodriguez, Nina Maria Richard, Karl Stauber, Elena Morena Weber &#038; ein Bewegungsorchester\u202f<\/span><\/b><span data-ccp-props=\"{}\">\u00a0<\/span><\/p>\n<p><span data-contrast=\"auto\">Konzept\u202f<\/span><b><span data-contrast=\"auto\">Kollektiv PR\u00b7SMA<\/span><\/b><span><br \/><\/span><span data-contrast=\"auto\">Choreografie\u202f<\/span><b><span data-contrast=\"auto\">Elena Morena Weber<\/span><\/b><span><br \/><\/span><span data-contrast=\"auto\">Komposition\u202f<\/span><b><span data-contrast=\"auto\">Luca Magni<\/span><\/b><span><br \/><\/span><span data-contrast=\"auto\">Komposition f\u00fcr Bewegungsorchester\u202f<\/span><b><span data-contrast=\"auto\">Nina Maria Richard &#038;<\/span><\/b><span data-contrast=\"auto\">\u202f<\/span><b><span data-contrast=\"auto\">Elena Morena Weber<br \/><\/span><\/b><span data-contrast=\"auto\">Co-Konzeption \/ Szenografie \/ Visuelle Kommunikation\u202f<\/span><b><span data-contrast=\"auto\">Demian<\/span><\/b><span data-contrast=\"auto\">\u202f<\/span><b><span data-contrast=\"auto\">Bern<br \/><\/span><\/b>Choreografische Assistenz<b><span data-contrast=\"auto\">\u00a0Oriana \u201eGlory\u201c Zeoli<br \/><\/span><\/b>Kost\u00fcm<b><span data-contrast=\"auto\">\u00a0Laura Yoro<\/span><\/b><span><br \/><\/span><span data-contrast=\"auto\">In Kooperation mit\u202f<\/span><b><span data-contrast=\"auto\">EXP.edition\u202f<\/span><\/b><span data-contrast=\"auto\">und<\/span><b><span data-contrast=\"auto\">\u202fNeue Kurkapelle Baden (K\u00fcnstlerische Leitung: Jonas Ehrler)<\/span><\/b><span><br \/><\/span><span data-contrast=\"auto\">Koproduktion\u202f<\/span><b><span data-contrast=\"auto\">Kurtheater Baden<\/span><\/b><span><br \/><\/span><span data-contrast=\"auto\">Unterst\u00fctzt von\u202f<\/span><b><span data-contrast=\"auto\">Aargauer Kuratorium, Ernst G\u00f6hner Stiftung, Stiftung Lebensraum Aargau<\/span><\/b><span data-ccp-props=\"{}\">\u00a0<\/span><\/p>\n<p>[\/et_pb_toggle][et_pb_text disabled_on=&#187;off|off|off&#187; _builder_version=&#187;4.20.2&#8243; _module_preset=&#187;default&#187; custom_margin=&#187;|20px|10px|20px|false|false&#187; custom_padding=&#187;30px||0px||false|false&#187; border_width_top=&#187;3px&#187; global_colors_info=&#187;{}&#187;]<\/p>\n<h3><\/h3>\n<p><span><strong><\/strong><\/span><\/p>\n<p>[\/et_pb_text][et_pb_text _builder_version=&#187;4.20.2&#8243; _module_preset=&#187;default&#187; custom_margin=&#187;|20px|10px|20px|false|false&#187; custom_padding=&#187;||0px||false|false&#187; global_colors_info=&#187;{}&#187;]<\/p>\n<h3>PR\u00b7SMA KOST-PROBEN<br \/>\nauf dem Theaterplatz<\/h3>\n<p><iframe loading=\"lazy\" width=\"640\" height=\"180\" src=\"https:\/\/arttv.ch\/videoembed\/?vid_id=10814\" frameborder=\"0\" scrolling=\"no\" allowfullscreen=\"\"><\/iframe>[\/et_pb_text][et_pb_toggle title=&#187;Mehr lesen&#187; open_toggle_text_color=&#187;RGBA(255,255,255,0)&#187; icon_color=&#187;#000000&#8243; use_icon_font_size=&#187;on&#187; icon_font_size=&#187;25px&#187; open_icon_color=&#187;#000000&#8243; open_use_icon_font_size=&#187;on&#187; open_icon_font_size=&#187;25px&#187; _builder_version=&#187;4.20.2&#8243; _module_preset=&#187;default&#187; title_text_color=&#187;#000000&#8243; background_color=&#187;RGBA(255,255,255,0)&#187; min_height=&#187;0px&#187; custom_margin=&#187;0px||0px||true|false&#187; custom_padding=&#187;1px||20px||false|false&#187; border_width_all=&#187;0px&#187; border_width_bottom=&#187;0px&#187; border_color_bottom=&#187;#000000&#8243; locked=&#187;off&#187; global_colors_info=&#187;{}&#187;]F\u00fcr die Erarbeitung der zweiten Episode der Trilogie POEMS FROM INNER SPACE bringt PR\u00b7SMA das Kurtheater in die Innenstadt Badens. Das Tanzkollektiv verlegt die Proben tempor\u00e4r in und rund um den Bau-100 auf dem Theaterplatz. Dieser wird zum durchl\u00e4ssigen Labor f\u00fcr die Kreation der Tanzperformance QUEST, die im Dezember 2023 im Kurtheater Premi\u00e8re feiern wird. Eine herzliche Einladung, dem kreativen Prozess beizuwohnen!<br \/>\nEine Kooperation mit EXP.edition, \u2028im Rahmen von \u201e100\u2009Jahre Badenfahrt\u201c<\/p>\n<p><strong>Di 11.4. \u2013 So 16.4.<\/strong><\/p>\n<p><strong>\u00d6ffentliche Proben jeweils 12\u201319 Uhr<br \/>\nShowing jeweils 19 Uhr<br \/>\nTreffpunkt: Bau-100 auf dem Theaterplatz Baden \/CH<\/strong><strong><\/strong><\/p>\n<p>Tanz <strong>Alex Ferro, Chiara Martina Halter, Abraham Iglesias Rodriguez, Nina Maria Richard, Clara Tullii, Oriana \u201eGlory\u201c Zeoli<\/strong><br \/>\nKonzept <strong>Kollektiv PR\u00b7SMA<\/strong><em><br \/>\n<\/em>Choreografie <strong>Elena Morena Weber<\/strong><br \/>\nKomposition <strong>Luca Magni<\/strong><br \/>\nCo-Konzeption \/ Szenografie \/ Visuelle Kommunikation <strong>Demian<\/strong> <strong>Bern<\/strong><br \/>\nChoreografische Assistenz <strong>Nina Maria Richard<\/strong><strong><br \/>\n<\/strong>Unterst\u00fctzt von <strong>Aargauer Kuratorium, Ernst G\u00f6hner Stiftung<\/strong>[\/et_pb_toggle][et_pb_text _builder_version=&#187;4.19.4&#8243; _module_preset=&#187;default&#187; custom_margin=&#187;|20px|10px|20px|false|false&#187; custom_padding=&#187;30px||0px||false|false&#187; border_width_top=&#187;3px&#187; global_colors_info=&#187;{}&#187;][\/et_pb_text][et_pb_text _builder_version=&#187;4.20.2&#8243; _module_preset=&#187;default&#187; custom_margin=&#187;0px|20px|-10px|20px|false|false&#187; custom_padding=&#187;30px||0px||false|false&#187; global_colors_info=&#187;{}&#187;]<\/p>\n<h3>FIELD COMPOSITION<br \/>Workshops in Z\u00fcrich &#038; Baden<\/h3>\n<p><img loading=\"lazy\" decoding=\"async\" src=\"https:\/\/prismakollektiv.ch\/wp-content\/uploads\/2023\/03\/4_FIELD_COMPOSITION_Elena_Morena_Weber_Field_Composition_\u00a9DemianBern_S.jpg\" width=\"1000\" height=\"667\" alt=\"\" class=\"wp-image-1008 aligncenter size-full\" srcset=\"https:\/\/prismakollektiv.ch\/wp-content\/uploads\/2023\/03\/4_FIELD_COMPOSITION_Elena_Morena_Weber_Field_Composition_\u00a9DemianBern_S.jpg 1000w, https:\/\/prismakollektiv.ch\/wp-content\/uploads\/2023\/03\/4_FIELD_COMPOSITION_Elena_Morena_Weber_Field_Composition_\u00a9DemianBern_S-300x200.jpg 300w, https:\/\/prismakollektiv.ch\/wp-content\/uploads\/2023\/03\/4_FIELD_COMPOSITION_Elena_Morena_Weber_Field_Composition_\u00a9DemianBern_S-768x512.jpg 768w, https:\/\/prismakollektiv.ch\/wp-content\/uploads\/2023\/03\/4_FIELD_COMPOSITION_Elena_Morena_Weber_Field_Composition_\u00a9DemianBern_S-980x654.jpg 980w, https:\/\/prismakollektiv.ch\/wp-content\/uploads\/2023\/03\/4_FIELD_COMPOSITION_Elena_Morena_Weber_Field_Composition_\u00a9DemianBern_S-480x320.jpg 480w\" sizes=\"(max-width: 1000px) 100vw, 1000px\" \/><br \/><span><strong><\/strong><\/span><\/p>\n<p>[\/et_pb_text][et_pb_toggle title=&#187;Mehr lesen&#187; open_toggle_text_color=&#187;RGBA(255,255,255,0)&#187; icon_color=&#187;#000000&#8243; use_icon_font_size=&#187;on&#187; icon_font_size=&#187;25px&#187; open_icon_color=&#187;#000000&#8243; open_use_icon_font_size=&#187;on&#187; open_icon_font_size=&#187;25px&#187; _builder_version=&#187;4.20.2&#8243; _module_preset=&#187;default&#187; title_text_color=&#187;#000000&#8243; background_color=&#187;RGBA(255,255,255,0)&#187; min_height=&#187;0px&#187; custom_margin=&#187;0px||0px||true|false&#187; custom_padding=&#187;1px||20px||false|false&#187; border_width_all=&#187;0px&#187; border_width_bottom=&#187;0px&#187; locked=&#187;off&#187; global_colors_info=&#187;{}&#187;]<\/p>\n<p>In der Methode f\u00fcr Tanz im \u00f6ffentlichen Raum gestalten die Teilnehmenden bewegte Bilder im Zusammenspiel mit der Umgebung. Choreografische Anleitungen und live komponierte Klanglandschaften erreichen die T\u00e4nzer:innen \u00fcber Kopfh\u00f6rer. Mit improvisatorischen Aufgaben und Spiel werden sie Teil einer im Moment entstehenden Choreografie.<\/p>\n<p><b><span data-contrast=\"none\">Im Rahmen von <\/span><\/b><a href=\"https:\/\/zuerichtanzt.ch\/\" target=\"_blank\" rel=\"noopener\"><b><span data-contrast=\"none\">Z\u00fcrich Tanzt<\/span><\/b><\/a><span data-ccp-props=\"{\"134245417\":false,\"335559739\":240}\">\u00a0<\/span><\/p>\n<p><span data-contrast=\"none\">Sa 11.5.<\/span><span><br \/><\/span><span data-contrast=\"none\">16\u201318 Uhr<\/span><span><br \/><\/span><span data-contrast=\"none\">Lindenhof, 8001 Z\u00fcrich<\/span><span data-ccp-props=\"{\"134245417\":false,\"335559739\":240}\">\u00a0<\/span><\/p>\n<p><span data-contrast=\"none\">So 12.5.<\/span><span><br \/><\/span><span data-contrast=\"none\">16\u201318 Uhr<\/span><span><br \/><\/span><span data-contrast=\"none\">Vorplatz Grosse Kirche Altstetten, 8048 Z\u00fcrich<\/span><span data-ccp-props=\"{\"134245417\":false,\"335559739\":240}\">\u00a0<\/span><\/p>\n<p><span data-contrast=\"none\">Teilnahme mit Festivalpass, erh\u00e4ltlich <\/span><a href=\"https:\/\/zuerichtanzt.ch\/\"><span data-contrast=\"none\">hier<\/span><\/a><span data-contrast=\"none\">\u00a0<\/span><span data-ccp-props=\"{\"134245417\":false,\"335559739\":240}\">\u00a0<\/span><\/p>\n<p><b><span data-contrast=\"none\">Im Rahmen von <a href=\"#motion\">MOTION<\/a><\/span><\/b><span><br \/><\/span><span data-contrast=\"none\">mit dem Orchester der Neuen Kurkapelle Baden<\/span><span data-ccp-props=\"{\"134245417\":false,\"335559739\":240}\">\u00a0<\/span><\/p>\n<p><span data-contrast=\"none\">Sa 8.6.<\/span><span><br \/><\/span><span data-contrast=\"none\">11\u201315 Uhr<\/span><span><br \/><\/span><span data-contrast=\"none\">Trafo Baden\u00a0<\/span><span data-ccp-props=\"{\"134245417\":false,\"335559739\":240}\">\u00a0<\/span><\/p>\n<p><span data-contrast=\"none\">Teilnahme kostenlos<\/span><span><br \/><\/span><span data-contrast=\"none\">Anmeldung bis 31.5. \u00fcber <\/span><a href=\"mailto:info@prismakollektiv.ch\"><span data-contrast=\"none\">info@prismakollektiv.ch<\/span><\/a><span data-ccp-props=\"{\"134245417\":false,\"335559739\":240}\">\u00a0<\/span><\/p>\n<p><b><span data-contrast=\"none\">Im Rahmen des Stadtpicknicks Baden<\/span><\/b><span data-ccp-props=\"{\"134245417\":false,\"335559739\":240}\">\u00a0<\/span><\/p>\n<p><span data-contrast=\"none\">Sa 24.8.<\/span><span><br \/><\/span><span data-contrast=\"none\">13\u201316 Uhr<\/span><span><br \/><\/span><span data-contrast=\"none\">Badener Innenstadt<\/span><span><br \/><\/span><span data-contrast=\"none\">Treffpunkt wird bei Anmeldung bekanntgegeben.<\/span><span data-ccp-props=\"{\"134245417\":false,\"335559739\":240}\">\u00a0<\/span><\/p>\n<p><span data-contrast=\"none\">Teilnahme kostenlos<\/span><span><br \/><\/span><span data-contrast=\"none\">Anmeldung bis 18.8. \u00fcber <\/span><a href=\"mailto:info@prismakollektiv.ch\"><span data-contrast=\"none\">info@prismakollektiv.ch<\/span><\/a><span data-ccp-props=\"{\"134245417\":false,\"335559739\":240}\">\u00a0<\/span><\/p>\n<p>[\/et_pb_toggle][et_pb_text _builder_version=&#187;4.20.2&#8243; _module_preset=&#187;default&#187; custom_margin=&#187;|20px|10px|20px|false|false&#187; custom_padding=&#187;30px||0px||false|false&#187; border_width_top=&#187;3px&#187; global_colors_info=&#187;{}&#187;]<\/p>\n<h3><\/h3>\n<p><span><strong><\/strong><\/span><\/p>\n<p>[\/et_pb_text][\/et_pb_column][\/et_pb_row][et_pb_row module_id=&#187;info &#187; _builder_version=&#187;4.20.2&#8243; _module_preset=&#187;default&#187; width=&#187;100%&#187; max_width=&#187;1280px&#187; custom_margin=&#187;||0px||false|false&#187; custom_padding=&#187;||0px||false|false&#187; border_width_bottom=&#187;3px&#187; locked=&#187;off&#187; global_colors_info=&#187;{}&#187;][et_pb_column type=&#187;4_4&#8243; _builder_version=&#187;4.20.2&#8243; _module_preset=&#187;default&#187; global_colors_info=&#187;{}&#187;][et_pb_text module_id=&#187;projekte&#187; _builder_version=&#187;4.20.2&#8243; _module_preset=&#187;default&#187; custom_margin=&#187;24px||0px|24px|false|false&#187; custom_padding=&#187;||||false|false&#187; global_colors_info=&#187;{}&#187;]<\/p>\n<h1 style=\"text-align: left;\">Impressionen aus den FIELD COMPOSITION Workshops<\/h1>\n<p>[\/et_pb_text][\/et_pb_column][\/et_pb_row][et_pb_row _builder_version=&#187;4.20.2&#8243; _module_preset=&#187;default&#187; width=&#187;100%&#187; max_width=&#187;1280px&#187; custom_margin=&#187;||0px||false|false&#187; custom_padding=&#187;||0px||false|false&#187; border_width_bottom=&#187;3px&#187; locked=&#187;off&#187; collapsed=&#187;off&#187; global_colors_info=&#187;{}&#187;][et_pb_column type=&#187;4_4&#8243; _builder_version=&#187;4.17.4&#8243; _module_preset=&#187;default&#187; global_colors_info=&#187;{}&#187;][et_pb_gallery gallery_ids=&#187;1361,1362,1363,1364,1365,1366,1367,1368,1369,1370,1371,1373,1374,1375,1378,1382,1384,1385,1386,1387,1388,1389,1390,1391,1392,1393,1395,1394,1396,1397,1398,1399,1400,1401,1402,1403,1404,1405,1406,1407,1416,1414,1413,1412,1411,1410,1409,1408,1417,1418,1419,1420,1422,1425,1426,1427,1437,1436,1435,1434,1433,1432,1431,1428&#8243; fullwidth=&#187;on&#187; module_class=&#187;lwp-arrow-color&#187; _builder_version=&#187;4.20.2&#8243; _module_preset=&#187;default&#187; animation_style=&#187;fade&#187; auto=&#187;on&#187; auto_speed=&#187;5000&#8243; global_colors_info=&#187;{}&#187;][\/et_pb_gallery][et_pb_text module_id=&#187;Kollektiv&#187; _builder_version=&#187;4.20.2&#8243; _module_preset=&#187;default&#187; custom_margin=&#187;24px||0px|24px|false|false&#187; custom_padding=&#187;||||false|false&#187; global_colors_info=&#187;{}&#187;]<\/p>\n<h1 style=\"text-align: left;\">KOLLEKTIV PR\u2022SMA<\/h1>\n<p>[\/et_pb_text][\/et_pb_column][\/et_pb_row][et_pb_row column_structure=&#187;1_2,1_2&#8243; _builder_version=&#187;4.20.2&#8243; _module_preset=&#187;default&#187; width=&#187;100%&#187; max_width=&#187;1280px&#187; global_colors_info=&#187;{}&#187;][et_pb_column type=&#187;1_2&#8243; _builder_version=&#187;4.17.6&#8243; _module_preset=&#187;default&#187; border_radii=&#187;on|8px|8px|8px|8px&#187; box_shadow_style=&#187;preset1&#8243; global_colors_info=&#187;{}&#187;][et_pb_image src=&#187;https:\/\/prismakollektiv.ch\/wp-content\/uploads\/2023\/03\/6_KOLLEKTIV_PRISMA_52-poems_from_inner_space-probe-0052-20220831_\u00a9Roberto_Conciatori-1-scaled.jpg&#187; title_text=&#187;6_KOLLEKTIV_PRISMA_52-poems_from_inner_space-probe-0052-20220831_\u00a9Roberto_Conciatori&#187; _builder_version=&#187;4.20.2&#8243; _module_preset=&#187;default&#187; custom_margin=&#187;20px|20px||20px|false|false&#187; sticky_limit_bottom=&#187;row&#187; global_colors_info=&#187;{}&#187;][\/et_pb_image][et_pb_text _builder_version=&#187;4.19.4&#8243; _module_preset=&#187;default&#187; custom_margin=&#187;-15px|20px|20px|20px|false|false&#187; custom_padding=&#187;0px||0px||true|false&#187; global_colors_info=&#187;{}&#187;]<\/p>\n<div class=\"page\" title=\"Page 1\">\n<div class=\"layoutArea\">\n<div class=\"column\">\n<p>Die k\u00fcnstlerische Sprache von PR\u00b7SMA zeichnet sich durch die Interaktion und Symbiose von Tanz, Klang und visuellen Sprachen aus.<\/p>\n<p>Als Kollektiv erarbeiten wir szenische Formate als Erlebnisse, die das Konzept von B\u00fchne bei jeder Kreation neu denken und herausfordern. Gegenseitige Inspiration und die Dringlichkeit, unsere Auff\u00fchrungsk\u00fcnste in gemeinsamer Praxis weiterzuentwickeln, f\u00fchrt uns als Kollektiv zusammen. \u00dcber den hohen Anspruch an das eigene Handwerk hinaus sind Respekt, gegenseitige Inspiration und Professionalit\u00e4t tragende Werte der Zusammenarbeit. Wir pflegen untereinander und nach aussen eine transparente Kommunikation, welche es uns erm\u00f6glicht, Ideen stets zu pr\u00fcfen und die eigene Praxis konstruktiv und ambitioniert zu hinterfragen.<\/p>\n<p>Wir z\u00e4hlen auf ein erweitertes Netzwerk aus Kollaborateur:innen und Partner:innen innerhalb der Schweiz und den angrenzenden L\u00e4ndern; bew\u00e4hrte und gesch\u00e4tzte Zusammenarbeiten f\u00fchren wir im Kontext dieses Kollektivs weiter mit dem Wunsch, unser kreatives \u00d6kosystem damit nachhaltig zu n\u00e4hren.<\/p>\n<\/div>\n<\/div>\n<\/div>\n<p>[\/et_pb_text][\/et_pb_column][et_pb_column type=&#187;1_2&#8243; _builder_version=&#187;4.17.4&#8243; _module_preset=&#187;default&#187; global_colors_info=&#187;{}&#187;][et_pb_accordion open_toggle_text_color=&#187;#000000&#8243; icon_color=&#187;#000000&#8243; use_icon_font_size=&#187;on&#187; icon_font_size=&#187;24px&#187; module_class=&#187;pa-accordion-second-line-2 pa-add-accordion-icon&#187; _builder_version=&#187;4.20.2&#8243; _module_preset=&#187;default&#187; toggle_text_color=&#187;#000000&#8243; toggle_level=&#187;h3&#8243; toggle_font=&#187;|700|||||||&#187; custom_margin=&#187;|20px|||false|false&#187; custom_css_toggle_title=&#187;transform: translate(50px,5px);&#187; custom_css_toggle_icon=&#187;transform: translate(-50px,0px);&#187; global_colors_info=&#187;{}&#187;][et_pb_accordion_item title=&#187;Your Title Goes Here&#187; open=&#187;on&#187; _builder_version=&#187;4.17.4&#8243; _module_preset=&#187;default&#187; custom_css_main_element=&#187;display: none;&#187; global_colors_info=&#187;{}&#187;]<\/p>\n<p>Your content goes here. Edit or remove this text inline or in the module Content settings. You can also style every aspect of this content in the module Design settings and even apply custom CSS to this text in the module Advanced settings.<\/p>\n<p>[\/et_pb_accordion_item][et_pb_accordion_item title=&#187;Elena Morena Weber&#187; open_toggle_background_color=&#187;#FFFFFF&#187; closed_toggle_background_color=&#187;#ffffff&#187; icon_color=&#187;#000000&#8243; use_icon_font_size=&#187;on&#187; icon_font_size=&#187;24px&#187; _builder_version=&#187;4.20.2&#8243; _module_preset=&#187;default&#187; custom_css_before=&#187;    content: %22%22;||    display: inline-block;||    float: left;||    background: url(&#8218;https:\/\/prismakollektiv.ch\/wp-content\/uploads\/2022\/07\/Dropbox_PR\u00b7SMA_web_0299_crpd-\u00a9-Demian-Bern-e1657288732761.jpg&#8216;) center center no-repeat;||    width: 50px;||    height: 50px;||    border-radius: 50%;&#187; border_radii=&#187;on|8px|8px|8px|8px&#187; box_shadow_style=&#187;preset2&#8243; global_colors_info=&#187;{}&#187; open=&#187;off&#187;]<\/p>\n<p>Elena Morena Weber wurde 1984 in Z\u00fcrich geboren und wuchs an der Grenze zu Italien auf. Sie studierte Zeitgen\u00f6ssischen Tanz an der Iwanson International School for Contemporary Dance in M\u00fcnchen, Abschluss 2008. Elena lebt in Z\u00fcrich und ist in den Darstellenden K\u00fcnsten international t\u00e4tig.<\/p>\n<p>Ph\u00e4nomene aus der Natur- und Sozialwissenschaften inspirieren ihre Kreationen. Sie gestaltet als T\u00e4nzerin, Choreografin und Regisseurin, mit Bewegung und Raum, Text, Videoschnitt, Kost\u00fcm und B\u00fchnenausstattung. Diese Polyphonie k\u00fcnstlerischer Stimmen lebt von interdisziplin\u00e4rer Praxis und Austausch. Elenas choreografisches Universum zeichnet sich durch eine poetische Erz\u00e4hlsprache und Inszenierungsformate aus, die den von Akteur*innen und Zuschauer *innen geteilten Raum stets aufs Neue definieren \u2013 als solistisches B\u00fchnenst\u00fcck, in der Inszenierung eines ganzen Dorfes, als holographische Installation oder Soundwalk in der Stadt.<\/p>\n<p>Ihre Arbeit wurde u. a. mit einem Stipendium an der Akademie Schloss Solitude ausgezeichnet. 2020\/21 f\u00fchrte sie einen kreativen Dialog mit dem Tanzdramaturgen Guy Cools im Rahmen des Double Mentoring Programms des Migros-Kultuprozent. Engagements als T\u00e4nzerin, choreografische Assistentin und Tourn\u00e9ebegleiterin f\u00fcr inklusive Tanzkompanien sensibilisierten Elena im Umgang mit Zug\u00e4nglichkeit f\u00fcr Mitspieler*innen und Zuschauer*innen gleicherma\u00dfen.<\/p>\n<p><a href=\"https:\/\/elenamorena.com\/\" target=\"_blank\" rel=\"noopener\"><span class=\"agsdi-icon i-agsdix-seth-arrow_right\" data-icon=\"agsdix-seth-arrow_right\" style=\"color: #000000!important; font-size: 40px;\">arrow_right icon<\/span><\/a><a href=\"https:\/\/www.facebook.com\/ele.web.9\" target=\"_blank\" rel=\"noopener\"><span class=\"agsdi-icon i-agsdix-seth-social_facebook\" data-icon=\"agsdix-seth-social_facebook\" style=\"color: #000000!important; font-size: 40px;\">social_facebook icon<\/span><\/a><\/p>\n<p>[\/et_pb_accordion_item][et_pb_accordion_item title=&#187;Luca Magni&#187; open_toggle_background_color=&#187;#FFFFFF&#187; closed_toggle_background_color=&#187;#FFFFFF&#187; icon_color=&#187;#000000&#8243; use_icon_font_size=&#187;on&#187; icon_font_size=&#187;24px&#187; _builder_version=&#187;4.20.2&#8243; _module_preset=&#187;default&#187; custom_css_before=&#187;    content: %22%22;||    display: inline-block;||    float: left;||    background: url(&#8218;https:\/\/prismakollektiv.ch\/wp-content\/uploads\/2022\/07\/Dropbox_PR\u00b7SMA_web_0844-\u00a9-Demian-Bern-e1657288717757.jpg&#8216;) center center no-repeat;||    width: 50px;||    height: 50px;||    border-radius: 50%;&#187; border_radii=&#187;on|8px|8px|8px|8px&#187; box_shadow_style=&#187;preset2&#8243; global_colors_info=&#187;{}&#187; open=&#187;off&#187;]<\/p>\n<p>Luca Magni, 1987 in Italien geboren, arbeitet schon fr\u00fch als Tontechniker f\u00fcr Konzerte, sp\u00e4ter erg\u00e4nzt er diese Erfahrungen im Rahmen von Studioaufnahmen und Mischungen. Luca absolvierte im Rahmen des Erasmus-Programms ein Praktikum am ZKM | Karlsruhe (Zentrum der Kunst und Medientechnologie, Karlsruhe \/DE). Dort kommt er zum ersten Mal auch in Kontakt mit zeitgen\u00f6ssischer und deutscher elektronischer Musik. Auf Anraten seines Mentors am ZKM, seine Ausbildung an der ZHdK (Z\u00fcrcher Hochschule der K\u00fcnste) fortzusetzen, beginnt er im September 2015 den Master in Komposition FTM (Komposition Film, Theater und Medien). Hier konnte er bei mehreren Tanzperformances als Komponist mitwirken (u. a. Nice to Meet You von Luca Signoretti).<\/p>\n<p>Nach seinem erfolgreichen Abschluss mit der Tanzperformance Embodied Signs, arbeitet er von 2019 bis 2021 am Forschungsprojekt Virtual Voice im Rahmen des Fellowship-Programms der ZHdK. Seit 2019 besteht eine Zusammenarbeit mit dem Choreografen Luca Signoretti f\u00fcr Tanzproduktionen der ZHdK, f\u00fcr die Luca die Musik komponierte.<\/p>\n<p><a href=\"http:\/\/lucamagni.net\/\" target=\"_blank\" rel=\"noopener\"><span class=\"agsdi-icon\" data-icon=\"agsdix-seth-arrow_right\" style=\"color: #000000!important; font-size: 40px;\">arrow_right icon<\/span><\/a><a href=\"https:\/\/www.facebook.com\/lucamagni.net\" target=\"_blank\" rel=\"noopener\"><span class=\"agsdi-icon\" data-icon=\"agsdix-seth-social_facebook\" style=\"color: #000000!important; font-size: 40px;\">social_facebook icon<\/span><\/a><a href=\"https:\/\/www.instagram.com\/lucamagni_net\/\" target=\"_blank\" rel=\"noopener\"><span class=\"agsdi-icon\" data-icon=\"agsdix-seth-social_instagram_square\" style=\"color: #000000!important; font-size: 40px;\">social_instagram_square icon<\/span><\/a><\/p>\n<p>[\/et_pb_accordion_item][et_pb_accordion_item title=&#187;Nina Maria Richard&#187; open_toggle_background_color=&#187;#FFFFFF&#187; closed_toggle_background_color=&#187;#FFFFFF&#187; icon_color=&#187;#000000&#8243; use_icon_font_size=&#187;on&#187; icon_font_size=&#187;24px&#187; _builder_version=&#187;4.20.2&#8243; _module_preset=&#187;default&#187; custom_css_before=&#187;    content: %22%22;||    display: inline-block;||    float: left;||    background: url(&#8218;https:\/\/prismakollektiv.ch\/wp-content\/uploads\/2022\/07\/Dropbox_Nina-Richard-we-made-a-solo-8-scaled-e1657290215126.jpg&#8216;) center center no-repeat;||    width: 50px;||    height: 50px;||    border-radius: 50%;&#187; border_radii=&#187;on|8px|8px|8px|8px&#187; box_shadow_style=&#187;preset2&#8243; global_colors_info=&#187;{}&#187; open=&#187;off&#187;]<\/p>\n<p>*1995 in Bern<\/p>\n<p>lebt in Worblaufen bei Bern<\/p>\n<p>Nina Maria Richard entdeckte bereits mit jungen Jahren die Freude an Tanz und Musik. Nach Abschluss der musischen Maturit\u00e4t studiert sie w\u00e4hrend eines Jahres Gesang an der Swiss Jazz School Bern. Die Ausbildung zur professionellen B\u00fchnent\u00e4nzerin absolviert Nina am Trinity Laban Conservatory London, sowie am choreografischen Zentrum La Faktoria Pamplona (Spanien). Im Jahr 2019 wurde sie vom T\u00e4nzer und Choreografen David Zambrano zu einer zehnw\u00f6chigen Recherche in Improvisation und Performance am Tictac Art Centre Brussels (Belgien) eingeladen. Nina ist Mitbegr\u00fcnderin des in London basierten &#8218;all female&#8216; Kollektivs MassHysteria. Zurzeit lebt Nina in Bern und ist als freischaffende T\u00e4nzerin im In- und Ausland t\u00e4tig. Im Oktober 2021 erhielt sie die erste Koproduktion des jungen Tanzhauses Bern und gab dort ihr choreografisches Deb\u00fct mit ihrem abendf\u00fcllenden Solo \u2018we made a solo\u2019.<\/p>\n<p><span class=\"agsdi-icon\" data-icon=\"agsdix-seth-arrow_right\" style=\"color: #000000!important; font-size: 40px;\">arrow_right icon<\/span><a href=\"https:\/\/www.facebook.com\/nina.richard.925\"><span class=\"agsdi-icon\" data-icon=\"agsdix-seth-social_facebook\" style=\"color: #000000!important; font-size: 40px;\">social_facebook icon<\/span><\/a><a href=\"https:\/\/www.instagram.com\/ninamariarichard\/\"><span class=\"agsdi-icon\" data-icon=\"agsdix-seth-social_instagram_square\" style=\"color: #000000!important; font-size: 40px;\">social_instagram_square icon<\/span><\/a><\/p>\n<p>[\/et_pb_accordion_item][\/et_pb_accordion][et_pb_accordion open_toggle_text_color=&#187;#000000&#8243; icon_color=&#187;#000000&#8243; use_icon_font_size=&#187;on&#187; icon_font_size=&#187;24px&#187; module_class=&#187;pa-accordion-second-line-3 pa-add-accordion-icon &#187; _builder_version=&#187;4.20.2&#8243; _module_preset=&#187;default&#187; toggle_text_color=&#187;#000000&#8243; toggle_level=&#187;h3&#8243; toggle_font=&#187;|700|||||||&#187; custom_margin=&#187;|20px|||false|false&#187; custom_css_toggle_title=&#187;transform: translate(50px,5px);&#187; custom_css_toggle_icon=&#187;transform: translate(-50px,0px);&#187; border_radii=&#187;on|8px|8px|8px|8px&#187; box_shadow_style=&#187;preset2&#8243; global_colors_info=&#187;{}&#187;][et_pb_accordion_item title=&#187;Your Title Goes Here&#187; open=&#187;on&#187; _builder_version=&#187;4.17.4&#8243; _module_preset=&#187;default&#187; custom_css_main_element=&#187;display: none; ||&#187; global_colors_info=&#187;{}&#187;]<\/p>\n<p>Your content goes here. Edit or remove this text inline or in the module Content settings. You can also style every aspect of this content in the module Design settings and even apply custom CSS to this text in the module Advanced settings.<\/p>\n<p>[\/et_pb_accordion_item][et_pb_accordion_item title=&#187;Demian Bern&#187; open_toggle_background_color=&#187;#FFFFFF&#187; closed_toggle_background_color=&#187;#FFFFFF&#187; _builder_version=&#187;4.20.2&#8243; _module_preset=&#187;default&#187; link_option_url_new_window=&#187;on&#187; custom_css_before=&#187;    content: %22%22;||    display: inline-block;||    float: left;||    background: url(&#8218;https:\/\/prismakollektiv.ch\/wp-content\/uploads\/2022\/07\/Dropbox_Demian_Bern_sw-e1657288931502.jpg&#8216;) center center no-repeat;||    width: 50px;||    height: 50px;||    border-radius: 50%;&#187; global_colors_info=&#187;{}&#187; open=&#187;off&#187;]<\/p>\n<p>Demian Bern f\u00fchrt sein Atelier f\u00fcr Visuelle Kommunikation in Stuttgart. Die Projekte und Partnerschaften finden Ursprung und Umsetzung deutschlandweit und in den europ\u00e4ischen Nachbarl\u00e4ndern. Neben zahlreichen Projekten f\u00fcr Kunst- und Kultureinrichtungen in Bereichen des Corporate Design und Publishing, Buchgestaltung und Ausstellungsdesign ist er als Initiator, Kurator und Herausgeber k\u00fcnstlerischer Formate t\u00e4tig. Als Berater arbeitet er diziplin\u00fcbergreifend und ist regelm\u00e4ssig in Jurys engagiert. Seine Arbeit wurde mit Preisen und Stipendien in den Niederlanden, Deutschland und Frankreich gew\u00fcrdigt.<\/p>\n<p>Als mobiles Projektforum erfindet und entwickelt sein Hybridkonzept EXP.edition grafische, r\u00e4umliche, narrative und diskursive Produktionsformate. Im engen Dialog mit Autoren, K\u00fcnstlern unterschiedlichster Disziplinen und sonstigen Projektpartnern initiiert, provoziert, pr\u00e4sentiert und publiziert die Plattform Treffpunkte f\u00fcr den zeitgen\u00f6ssischen Dialog und vision\u00e4re Formen zuk\u00fcnftiger Perspektiven. Sie widmet sich in variablen Zusammenstellungen, bisweilen unvorhersehbaren Bedingungen und an stets anderen Orten (Rotterdam, Krakau, Z\u00fcrich, Stuttgart, Paris, Minsk u. a.) Projekten und Workshops im experimentellen Diskurs und verschiedenen Formaten k\u00fcnstlerischer Forschung und Publikation.<\/p>\n<p><a href=\"http:\/\/www.exp-edition.com\" target=\"_blank\" rel=\"noopener\"><span class=\"agsdi-icon\" data-icon=\"agsdix-seth-arrow_right\" style=\"color: #000000!important; font-size: 40px;\">arrow_right icon<\/span><\/a><\/p>\n<p>[\/et_pb_accordion_item][et_pb_accordion_item title=&#187;Die T\u00e4nzer:innen von PR\u00b7SMA&#187; open_toggle_background_color=&#187;#FFFFFF&#187; closed_toggle_background_color=&#187;#FFFFFF&#187; _builder_version=&#187;4.20.2&#8243; _module_preset=&#187;default&#187; custom_css_before=&#187;    content: %22%22;||    display: inline-block;||    float: left;||    background: url(&#8218;https:\/\/prismakollektiv.ch\/wp-content\/uploads\/2023\/03\/272-2.jpg&#8216;) center center no-repeat;||    width: 50px;||    height: 50px;||    border-radius: 50%;&#187; global_colors_info=&#187;{}&#187; open=&#187;off&#187;]<\/p>\n<p><strong>Alex Ferro<\/strong><\/p>\n<p><img decoding=\"async\" src=\"https:\/\/prismakollektiv.ch\/wp-content\/uploads\/2023\/03\/Dropbox_Alex_Ferro.jpg\" width=\"undefined\" height=\"undefined\" alt=\"\" class=\"wp-image-1061 aligncenter size-full\" \/><\/p>\n<p>* 1994 in Turin, Italien<\/p>\n<p>lebt zwischen Z\u00fcrich und Pforzheim \/ DE<\/p>\n<p>Alex Ferro begann mit 17 Jahren autodidaktisch Street- und Electro-Dance zu tanzen. Vier Jahre sp\u00e4ter erhielt er ein Stipendium am Teatro Nuovo und an der Nuova Officina della Danza in Italien. Im Jahr 2018 zog Alex nach Z\u00fcrich, um an der Z\u00fcrcher Hochschule der K\u00fcnste einen Bachelor in zeitgen\u00f6ssischem Tanz zu absolvieren (2018-2020). Von 2019 bis 2021 war er Ensemblemitglied des Stadttheaters Pforzheim (Deutschland).<\/p>\n<p><span class=\"agsdi-icon\" data-icon=\"agsdix-seth-arrow_right\" style=\"color: #000000!important; font-size: 28px;\">arrow_right icon<\/span> <a href=\"https:\/\/www.facebook.com\/alex.ferro.52\" target=\"_blank\" rel=\"noopener\"><span class=\"agsdi-icon\" data-icon=\"agsdi-facebook-2\" style=\"color: #000000!important; font-size: 28px;\">facebook 2 icon<\/span><\/a>\u00a0 <a href=\"https:\/\/www.instagram.com\/alex.ferro994\/\" target=\"_blank\" rel=\"noopener\"><span class=\"agsdi-icon\" data-icon=\"agsdi-instagram\" style=\"color: #000000!important; font-size: 28px;\">instagram icon<\/span><\/a><\/p>\n<p>&nbsp;<\/p>\n<p><strong>Oriana Glory Zeoli<\/strong><\/p>\n<p><img decoding=\"async\" src=\"https:\/\/prismakollektiv.ch\/wp-content\/uploads\/2023\/03\/Dropbox_Glory_Oriana_Zeoli.jpg\" width=\"undefined\" height=\"undefined\" alt=\"\" class=\"wp-image-1063 aligncenter size-full\" \/><\/p>\n<p>*1997 in Z\u00fcrich<\/p>\n<p>lebt in Niederglatt bei Z\u00fcrich<\/p>\n<p>Oriana Zeoli, K\u00fcnstlername &#171;Glory&#187; begann im Alter von f\u00fcnf Jahren mit Ballett und Hip-Hop Tanzstilen. Seit 2015 vertieft Glory ihre Tanzsprache mit Popping, Locking und House und setzt sich mit der Kultur hinter den Tanzstilen auseinander. Mit den Crews &#171;The Boogies&#187; und &#171;Collective Soul Squad&#187; sammelte sie im In- und Ausland reichliche B\u00fchnen- und Battle-Erfahrung und performte bei verschiedenen Videodrehs. Im Jahr 2021 wurde sie in die Pariser Hip-Hop Tanzkompanie &#171;R\u00eavolution&#187;, geleitet von Anthony \u00c9g\u00e9a, aufgenommen.<\/p>\n<p>\u00dcber den Choreografen Muhammed Kaltuk und seiner Company &#171;MEK&#187; (CH), ist Glory in Ber\u00fchrung mit der Theaterwelt gekommen. Dadurch inspiriert, m\u00f6chte sie die Theaterarbeit vertiefen und wird u. a. in den Herbst- und Winterproduktionen 2022\/23 im Opernhaus Z\u00fcrich performen.<\/p>\n<p>&#171;Das Tanzen er\u00f6ffnet mir M\u00f6glichkeiten, mich zu verwirklichen und Emotionen auszudr\u00fccken, die ich nicht in Worte fassen kann. My world is glorylicious\u201c \u2013 Glory<\/p>\n<p><span class=\"agsdi-icon\" data-icon=\"agsdix-seth-arrow_right\" style=\"color: #000000!important; font-size: 28px;\">arrow_right icon<\/span><a href=\"https:\/\/www.instagram.com\/gloryori\/\" target=\"_blank\" rel=\"noopener\"><span class=\"agsdi-icon\" data-icon=\"agsdi-instagram\" style=\"color: #000000!important; font-size: 28px;\">instagram icon<\/span><\/a><\/p>\n<p>&nbsp;<\/p>\n<p><strong>Abraham Iglesias Rodriguez<\/strong><\/p>\n<p><img loading=\"lazy\" decoding=\"async\" src=\"https:\/\/prismakollektiv.ch\/wp-content\/uploads\/2023\/03\/Dropbox_Abraham_Iglesias-scaled.jpg\" width=\"1707\" height=\"2560\" alt=\"\" class=\"wp-image-1064 aligncenter size-full\" srcset=\"https:\/\/prismakollektiv.ch\/wp-content\/uploads\/2023\/03\/Dropbox_Abraham_Iglesias-scaled.jpg 1707w, https:\/\/prismakollektiv.ch\/wp-content\/uploads\/2023\/03\/Dropbox_Abraham_Iglesias-200x300.jpg 200w\" sizes=\"(max-width: 1707px) 100vw, 1707px\" \/><\/p>\n<p>*1993 Huelva, Spanien<\/p>\n<p>lebt in Z\u00fcrich<\/p>\n<p>Abraham Iglesias Rodriguez ist T\u00e4nzer und Performer. Er begann seine Ausbildung mit klassischem Tanz und Flamenco. Nach dem Abschluss seines Studiums am Real Conservatorio Professional de Danza Mariemma (Madrid, Spanien) zog Abraham im Jahr 2017 nach Berlin, wo er in verschiedenen Projekten als T\u00e4nzer arbeitete. Im 2018 wurde er neues Mitglied des Tanzensembles des Staatstheater Pforzheim (Deutschland). W\u00e4hrend dieser Zeit sammelte er p\u00e4dagogische Erfahrungen durch die Arbeit mit Bewegung und Choreografie f\u00fcr nicht-professionelle Tanzinteressierte Menschen unterschiedlicher Alter. Abraham lebt seit 2021 in der Schweiz und arbeitet als freischaffender T\u00e4nzer und Performer in der Schweiz und in Deutschland.<\/p>\n<p><span class=\"agsdi-icon\" data-icon=\"agsdix-seth-arrow_right\" style=\"color: #000000!important; font-size: 28px;\">arrow_right icon<\/span> <a href=\"https:\/\/www.facebook.com\/abraham.iglesiasrodriguez.3\"><span class=\"agsdi-icon\" data-icon=\"agsdi-facebook-2\" style=\"color: #000000!important; font-size: 28px;\">facebook 2 icon<\/span><\/a>\u00a0 <a href=\"https:\/\/www.instagram.com\/abrahamycierren\/\"><span class=\"agsdi-icon\" data-icon=\"agsdi-instagram\" style=\"color: #000000!important; font-size: 28px;\">instagram icon<\/span><\/a><\/p>\n<p>&nbsp;<\/p>\n<p><strong>Nina Maria Richard<\/strong><\/p>\n<p><strong><img decoding=\"async\" src=\"https:\/\/prismakollektiv.ch\/wp-content\/uploads\/2023\/03\/Dropbox_Nina_Richard.jpg\" width=\"undefined\" height=\"undefined\" alt=\"\" class=\"wp-image-1062 aligncenter size-full\" \/><\/strong><\/p>\n<p>*1995 in Bern<\/p>\n<p>lebt in Worblaufen bei Bern<\/p>\n<p>Nina Maria Richard entdeckte bereits mit jungen Jahren die Freude an Tanz und Musik. Nach Abschluss der musischen Maturit\u00e4t studiert sie w\u00e4hrend eines Jahres Gesang an der Swiss Jazz School Bern. Die Ausbildung zur professionellen B\u00fchnent\u00e4nzerin absolviert Nina am Trinity Laban Conservatory London, sowie am choreografischen Zentrum La Faktoria Pamplona (Spanien). Im Jahr 2019 wurde sie vom T\u00e4nzer und Choreografen David Zambrano zu einer zehnw\u00f6chigen Recherche in Improvisation und Performance am Tictac Art Centre Brussels (Belgien) eingeladen. Nina ist Mitbegr\u00fcnderin des in London basierten &#8218;all female&#8216; Kollektivs MassHysteria. Zurzeit lebt Nina in Bern und ist als freischaffende T\u00e4nzerin im In- und Ausland t\u00e4tig. Im Oktober 2021 erhielt sie die erste Koproduktion des jungen Tanzhauses Bern und gab dort ihr choreografisches Deb\u00fct mit ihrem abendf\u00fcllenden Solo \u2018we made a solo\u2019.<\/p>\n<p><span class=\"agsdi-icon\" data-icon=\"agsdix-seth-arrow_right\" style=\"color: #000000!important; font-size: 28px;\">arrow_right icon<\/span> <a href=\"https:\/\/www.facebook.com\/nina.richard.925\"><span class=\"agsdi-icon\" data-icon=\"agsdi-facebook-2\" style=\"color: #000000!important; font-size: 28px;\">facebook 2 icon<\/span><\/a>\u00a0 <a href=\"https:\/\/www.instagram.com\/ninamariarichard\/\"><span class=\"agsdi-icon\" data-icon=\"agsdi-instagram\" style=\"color: #000000!important; font-size: 28px;\">instagram icon<\/span><\/a><\/p>\n<p>&nbsp;<\/p>\n<p><strong>Chiara Martina Halter<\/strong><\/p>\n<p><img decoding=\"async\" src=\"https:\/\/prismakollektiv.ch\/wp-content\/uploads\/2023\/03\/Dropbox_Chiara_Halter.jpg\" width=\"undefined\" height=\"undefined\" alt=\"\" class=\"wp-image-1060 aligncenter size-full\" \/><\/p>\n<p>*2000 in Bern<\/p>\n<p>lebt zwischen London und\u00a0 Bern<\/p>\n<p>&nbsp;<\/p>\n<p>Chiara Martina Halter, geboren im Jahr 2000, ist zurzeit im zweiten Jahr ihres Bachelorstudiums in Contemporary Dance am Trinity Laban Conservatoire of Music and Dance in London. In Bern aufgewachsen, lernte sie zun\u00e4chst Zeitgen\u00f6ssischen Tanz und Tanztheater bei Karin Hermes, sp\u00e4ter auch Ballett. Sie begann, ihre Bewegungssprache durch eine Reihe von Workshops in der Schweiz und im Ausland zu erweitern und durch Improvisationsstudien ihren eigenen Stil zu finden. Ihre Auseinandersetzung mit Screendance, Film und Kunstgeschichte am Trinity Laban Conservatoire und an der Universit\u00e4t Z\u00fcrich hat ihre Herangehensweise an Tanz und Choreographie stark gepr\u00e4gt. In 2020\/21 choreographierte und leitete sie die Produktion ihrer ersten eigenen Komposition GER\u00dcST\/\/E, ein St\u00fcck f\u00fcr sechs T\u00e4nzer*Innen, das sowohl live als auch als Tanzfilm aufgef\u00fchrt wurde.<\/p>\n<p><span class=\"agsdi-icon\" data-icon=\"agsdix-seth-arrow_right\" style=\"color: #000000!important; font-size: 28px;\">arrow_right icon<\/span> <a href=\"https:\/\/www.instagram.com\/chia.ra.mar.tina\/\"><span class=\"agsdi-icon\" data-icon=\"agsdi-instagram\" style=\"color: #000000!important; font-size: 28px;\">instagram icon<\/span><\/a><\/p>\n<p><strong>Clara Tulli<\/strong><\/p>\n<div class=\"\"><img loading=\"lazy\" decoding=\"async\" src=\"https:\/\/prismakollektiv.ch\/wp-content\/uploads\/2023\/03\/ClaraTulli_image00002.jpeg\" width=\"459\" height=\"640\" alt=\"\" class=\"wp-image-1065 aligncenter size-full\" srcset=\"https:\/\/prismakollektiv.ch\/wp-content\/uploads\/2023\/03\/ClaraTulli_image00002.jpeg 459w, https:\/\/prismakollektiv.ch\/wp-content\/uploads\/2023\/03\/ClaraTulli_image00002-215x300.jpeg 215w\" sizes=\"(max-width: 459px) 100vw, 459px\" \/><\/div>\n<div class=\"\">Seit ihrem vierten Lebensjahr tanzt Clara leidenschaftlich gerne, angefangen mit Ballett, bis ihre Neugierde sie dazu brachte, sich f\u00fcr die Welt des zeitgen\u00f6ssischen Tanzes zu interessieren. Im Alter von 14 Jahren trat sie in das &#171;Centre de formation professionnel artistique de Gen\u00e8ve&#187; als zeitgen\u00f6ssische T\u00e4nzerin und Performerin ein. Zur gleichen Zeit erlangt sie die k\u00fcnstlerische Matura. Zurzeit ist sie am Tanzwerk 101 in Z\u00fcrich im dritten Jahr des Bachelor-Studiums in zeitgen\u00f6ssischem urbanem Tanz. Dieses Programm erm\u00f6glichte es ihr, verschiedene Stile zu entdecken und ihr choreografisches Vokabular zu erweitern. W\u00e4hrend dieser drei Jahre nahm sie an verschiedenen professionellen Projekten, Videoclips und Shows teil. Clara ist im Jahr 2023 Praktikantin des PR\u00b7SMA Tanzensembles f\u00fcr das St\u00fcck QUEST.<\/div>\n<p><span class=\"agsdi-icon\" data-icon=\"agsdix-seth-arrow_right\" style=\"color: #000000!important; font-size: 28px;\">arrow_right icon<\/span> <span class=\"agsdi-icon\" data-icon=\"agsdi-instagram\" style=\"color: #000000!important; font-size: 28px;\">instagram icon<\/span><\/p>\n<p>[\/et_pb_accordion_item][et_pb_accordion_item title=&#187;Valeria Ballek&#187; open_toggle_background_color=&#187;#FFFFFF&#187; closed_toggle_background_color=&#187;#FFFFFF&#187; _builder_version=&#187;4.20.2&#8243; _module_preset=&#187;default&#187; custom_css_before=&#187;    content: %22%22;||    display: inline-block;||    float: left;||    background: url(&#8218;https:\/\/prismakollektiv.ch\/wp-content\/uploads\/2023\/03\/Ballek_Cropped-1.jpg&#8216;) center center no-repeat;||    width: 50px;||    height: 50px;||    border-radius: 50%;&#187; global_colors_info=&#187;{}&#187; open=&#187;off&#187;]<\/p>\n<p>Valeria Ballek wurde 1995 geboren. Sie hat erfolgreich das Studium (Master) im Bereich Szenografie an der FHNW abgeschlossen. Davor absolvierte sie ein Studium an der Central Saint Martins mit einem Bachelor-Abschluss in Performance Design und Practice (B\u00fchne und Kost\u00fcm). Ihre letzte berufliche T\u00e4tigkeit war die Arbeit als Szenografin f\u00fcr Audio Walk \u201eFreizone Dreispiz\u201c, die Arbeit als Kost\u00fcmbildassistentin f\u00fcr Milo Rau \u201eWilhelm Tell\u201c im Schauspielhaus und als B\u00fchnenbildassistentin im TOBS f\u00fcr die Katharina Rupp Inszenierung \u201eBellissima\u201c. Im Moment arbeitet sie freiberuflich in verschiedenen Kreativ-Projekten und assistiert als Kost\u00fcmbildnerin Julie Steen Nielsen in Theater- und Zirkusproduktionen.<\/p>\n<p>[\/et_pb_accordion_item][et_pb_accordion_item title=&#187;Ljuba Avvakumova&#187; open_toggle_background_color=&#187;#FFFFFF&#187; closed_toggle_background_color=&#187;#FFFFFF&#187; _builder_version=&#187;4.20.2&#8243; _module_preset=&#187;default&#187; custom_css_before=&#187;    content: %22%22;||    display: inline-block;||    float: left;||    background: url(&#8218;https:\/\/prismakollektiv.ch\/wp-content\/uploads\/2022\/07\/Dropbox_Ljuba_Avvakumova_0507_sw-e1657288903462.jpg&#8216;) center center no-repeat;||    width: 50px;||    height: 50px;||    border-radius: 50%;&#187; global_colors_info=&#187;{}&#187; open=&#187;off&#187;]<\/p>\n<p>Die k\u00fcnstlerische T\u00e4tigkeit von Ljuba Avvakumova bewegt sich disziplin\u00fcbergreifend zwischen Performance, Bild, Textil und Handwerk. In ihrer vielf\u00e4ltigen Arbeit verwendet sie Bewegung, Text, Fotografie, Film und Soundscapes und legt besonderen Fokus auf Lichtdesign, Kost\u00fcm und B\u00fchnenbild. Der Mensch als soziale und politische Entit\u00e4t steht im Mittelpunkt. Pr\u00e4gnante, emotionale K\u00f6rperlichkeit dient dabei als Spiegel menschlichen Charakters und seiner sozialen und politischen Beziehungen.<\/p>\n<p>Ljuba studierte klassischen Tanz an der Ballettakademie M\u00fcnchen, zeitgen\u00f6ssischen Tanz an der Iwanson Contemporary School of Dance und wird aktuell zur Herrenma\u00dfschneiderin am Bayerischen Staatsschauspiel des Residenztheaters in M\u00fcnchen ausgebildet. Ihre professionelle Tanzkarriere begann sie als Mitglied des TanzTheaterM\u00fcnchen am Staatstheater am G\u00e4rtnerplatz in M\u00fcnchen, bevor sie in die Tanzkompanie des Theater Regensburg wechselte.<\/p>\n<p>Seit September 2015 lebt Ljuba als freiberufliche K\u00fcnstlerin in M\u00fcnchen. Ihre choreografischen Arbeiten wurden auf verschiedenen Theaterb\u00fchnen und internationalen Festivals gezeigt. St\u00fccke wie TORN OUT TONGUE oder OPPRESSIVE EXPANSE wurden von der Presse als \u201eaktuell\u201c, \u201erelevant\u201c und \u201eber\u00fchrend\u201c gelobt.<\/p>\n<p>Das Gestalten mit Textil steht f\u00fcr sie gerade im besonderen Interesse und Mittelpunkt, weshalb sie als Kost\u00fcmbildnerin f\u00fcr Tanz- und Theaterst\u00fccke die Charaktere gestaltet.<\/p>\n<p><span class=\"agsdi-icon\" data-icon=\"agsdix-seth-arrow_right\" style=\"color: #000000!important; font-size: 40px;\">arrow_right icon<\/span><span class=\"agsdi-icon\" data-icon=\"agsdix-seth-social_facebook\" style=\"color: #000000!important; font-size: 40px;\">social_facebook icon<\/span><span class=\"agsdi-icon\" data-icon=\"agsdix-seth-social_instagram_square\" style=\"color: #000000!important; font-size: 40px;\">social_instagram_square icon<\/span><\/p>\n<p>[\/et_pb_accordion_item][et_pb_accordion_item title=&#187;Alexandra Schmid&#187; open_toggle_background_color=&#187;#FFFFFF&#187; closed_toggle_background_color=&#187;#FFFFFF&#187; _builder_version=&#187;4.20.2&#8243; _module_preset=&#187;default&#187; custom_css_before=&#187;    content: %22%22;||    display: inline-block;||    float: left;||    background: url(&#8218;https:\/\/prismakollektiv.ch\/wp-content\/uploads\/2022\/07\/Dropbox_Alexandra_Schmid_1407207319_sw-e1657288890341.jpg&#8216;) center center no-repeat;||    width: 50px;||    height: 50px;||    border-radius: 50%;&#187; global_colors_info=&#187;{}&#187; open=&#187;off&#187;]<\/p>\n<p><text class=\"_textbox_1gl8y_17\" direction=\"ltr\" height=\"8.39999389648438\" lengthadjust=\"spacingAndGlyphs\" textlength=\"213.307563781738\" x=\"71.4330978393555\" y=\"-338.176330566406\" data-test=\"textbox\">Geboren 1988 in Aarau im Kanton Aargau.<\/text><\/p>\n<p><text class=\"_textbox_1gl8y_17\" direction=\"ltr\" height=\"8.4525146484375\" lengthadjust=\"spacingAndGlyphs\" textlength=\"444.557319641113\" x=\"71.4330978393555\" y=\"-316.91650390625\" data-test=\"textbox\">Getrieben durch ihre Leidenschaft f\u00fcr Kulturen bereiste sie die Welt, lebte in exotischen<\/text><text class=\"_textbox_1gl8y_17\" direction=\"ltr\" height=\"8.39999389648438\" lengthadjust=\"spacingAndGlyphs\" textlength=\"439.614875793457\" x=\"71.9370956420898\" y=\"-302.743316650391\" data-test=\"textbox\">L\u00e4ndern und pulsierenden St\u00e4dten, um j\u00fcngst Baden als ihr neues Zuhause zu w\u00e4hlen.<\/text><text class=\"_textbox_1gl8y_17\" direction=\"ltr\" height=\"8.39999389648438\" lengthadjust=\"spacingAndGlyphs\" textlength=\"460.086769104004\" x=\"71.9370956420898\" y=\"-288.570007324219\" data-test=\"textbox\">Nach ihrem abgeschlossenen Bachelor Studium in Betriebs\u00f6konomie konnte sie sich durch<\/text><text class=\"_textbox_1gl8y_17\" direction=\"ltr\" height=\"8.39999389648438\" lengthadjust=\"spacingAndGlyphs\" textlength=\"454.554351806641\" x=\"71.6535949707031\" y=\"-274.396789550781\" data-test=\"textbox\">ihre T\u00e4tigkeit in einer Marketing Agentur sowie einem grossen Schweizer Verlagshaus ein<\/text><text class=\"_textbox_1gl8y_17\" direction=\"ltr\" height=\"8.4525146484375\" lengthadjust=\"spacingAndGlyphs\" textlength=\"437.784828186035\" x=\"71.7481002807617\" y=\"-260.223602294922\" data-test=\"textbox\">breitgef\u00e4chteres Wissen im Bereich Marketing aneignen. Aktuell ist Alexandra im Fund<\/text><rect x=\"412.8279113769531\" y=\"-270.1761169433595\" width=\"24.853546142578125\" height=\"11.4525146484375\" opacity=\"1\" fill=\"var(--color__accent__lime)\"><\/rect><text class=\"_textbox_1gl8y_17\" direction=\"ltr\" height=\"3.76950073242188\" lengthadjust=\"spacingAndGlyphs\" textlength=\"2.71951293945312\" x=\"511.178619384766\" y=\"-260.223602294922\" data-test=\"textbox\">&#8211;<\/text><text class=\"_textbox_1gl8y_17\" direction=\"ltr\" height=\"8.45249938964844\" lengthadjust=\"spacingAndGlyphs\" textlength=\"459.553352355957\" x=\"71.7481002807617\" y=\"-246.050399780273\" data-test=\"textbox\">raising des Vereins Z\u00fcrcher Tierschutz t\u00e4tig. Parallel unterst\u00fctzt die Marketingfachfrau mit<\/text><text class=\"_textbox_1gl8y_17\" direction=\"ltr\" height=\"8.39999389648438\" lengthadjust=\"spacingAndGlyphs\" textlength=\"440.348907470703\" x=\"71.6535949707031\" y=\"-231.87712097168\" data-test=\"textbox\">ihrem Know-How Projekte, welche Begegnungen zwischen Kunst und Menschen erm\u00f6g<\/text><text class=\"_textbox_1gl8y_17\" direction=\"ltr\" height=\"3.76950073242188\" lengthadjust=\"spacingAndGlyphs\" textlength=\"2.71954345703125\" x=\"513.657409667969\" y=\"-231.87712097168\" data-test=\"textbox\">&#8211;<\/text><text class=\"_textbox_1gl8y_17\" direction=\"ltr\" height=\"8.39999389648438\" lengthadjust=\"spacingAndGlyphs\" textlength=\"433.93238067627\" x=\"71.7690963745117\" y=\"-217.703903198242\" data-test=\"textbox\">lichen. Sie ist Pr\u00e4sidentin des Vereins ELMO\u2019S AT WORK mit Sitz in Z\u00fcrich, welcher seit<\/text><text class=\"_textbox_1gl8y_17\" direction=\"ltr\" height=\"8.45249938964844\" lengthadjust=\"spacingAndGlyphs\" textlength=\"443.130416870117\" x=\"71.2545928955078\" y=\"-203.53059387207\" data-test=\"textbox\">2017 Kreationen und Vermittlungsformate im Bereich des Zeitgen\u00f6ssischen Tanzes und<\/text><text class=\"_textbox_1gl8y_17\" direction=\"ltr\" height=\"8.45249938964844\" lengthadjust=\"spacingAndGlyphs\" textlength=\"453.873970031738\" x=\"71.1180953979492\" y=\"-189.357406616211\" data-test=\"textbox\">verwandten Kunstformen produziert und pr\u00e4sentiert. Treibende Kraft f\u00fcr ihr Engagement<\/text><text class=\"_textbox_1gl8y_17\" direction=\"ltr\" height=\"8.45249938964844\" lengthadjust=\"spacingAndGlyphs\" textlength=\"434.163330078125\" x=\"71.6535949707031\" y=\"-175.184204101562\" data-test=\"textbox\">ist ihr Anliegen, die Neugierde und Passion f\u00fcr Kunst und Kultur m\u00f6glichst unterschied<\/text><text class=\"_textbox_1gl8y_17\" direction=\"ltr\" height=\"3.76950073242188\" lengthadjust=\"spacingAndGlyphs\" textlength=\"2.719482421875\" x=\"507.462097167969\" y=\"-175.184204101562\" data-test=\"textbox\">&#8211;<\/text><text class=\"_textbox_1gl8y_17\" direction=\"ltr\" height=\"8.39999389648438\" lengthadjust=\"spacingAndGlyphs\" textlength=\"213.684425354004\" x=\"71.7690963745117\" y=\"-161.011001586914\" data-test=\"textbox\">lichen Bev\u00f6lkerungsgruppen zu vermitteln.<\/text><\/p>\n<p>[\/et_pb_accordion_item][\/et_pb_accordion][\/et_pb_column][\/et_pb_row][\/et_pb_section][et_pb_section fb_built=&#187;1&#8243; _builder_version=&#187;4.27.4&#8243; _module_preset=&#187;default&#187; custom_margin=&#187;0px||0px||true|false&#187; custom_padding=&#187;0px||0px||true|false&#187; collapsed=&#187;off&#187; global_colors_info=&#187;{}&#187;][et_pb_row disabled_on=&#187;off|off|off&#187; module_id=&#187;agenda&#187; _builder_version=&#187;4.27.4&#8243; _module_preset=&#187;default&#187; width=&#187;100%&#187; max_width=&#187;1280px&#187; custom_margin=&#187;||0px||false|false&#187; custom_padding=&#187;||0px||false|false&#187; border_width_bottom=&#187;3px&#187; global_colors_info=&#187;{}&#187;][et_pb_column type=&#187;4_4&#8243; _builder_version=&#187;4.17.6&#8243; _module_preset=&#187;default&#187; global_colors_info=&#187;{}&#187;][et_pb_text module_id=&#187;projekte&#187; _builder_version=&#187;4.19.4&#8243; _module_preset=&#187;default&#187; custom_margin=&#187;24px||0px|24px|false|false&#187; custom_padding=&#187;||||false|false&#187; global_colors_info=&#187;{}&#187;]<\/p>\n<h1>AGENDA<\/h1>\n<p>[\/et_pb_text][\/et_pb_column][\/et_pb_row][et_pb_row disabled_on=&#187;off|off|off&#187; module_id=&#187;Mail&#187; _builder_version=&#187;4.27.4&#8243; _module_preset=&#187;default&#187; width=&#187;100%&#187; max_width=&#187;1280px&#187; collapsed=&#187;on&#187; global_colors_info=&#187;{}&#187;][et_pb_column type=&#187;4_4&#8243; _builder_version=&#187;4.17.0&#8243; _module_preset=&#187;default&#187; global_colors_info=&#187;{}&#187;][et_pb_text disabled_on=&#187;off|off|off&#187; _builder_version=&#187;4.27.4&#8243; _module_preset=&#187;default&#187; custom_margin=&#187;20px|20px|0px|20px|false|false&#187; custom_padding=&#187;0px||0px||true|false&#187; global_colors_info=&#187;{}&#187;]<\/p>\n<p>So 12.4.<br \/>10-15 Uhr<\/p>\n<h3>PR\u00b7SMA Atelier<br \/><span class=\"s1\">Offen f\u00fcr professionelle T\u00e4nzer:innen<\/span><\/h3>\n<p class=\"p1\"><span class=\"s1\">in den Studios von Br\u00fccki 235<br \/><\/span><span class=\"s1\">Hardstrasse 235, 8005 Z\u00fcrich<\/span><\/p>\n<p class=\"mobile-undersized-upper\">[\/et_pb_text][et_pb_text disabled_on=&#187;off|off|off&#187; _builder_version=&#187;4.27.4&#8243; _module_preset=&#187;default&#187; custom_margin=&#187;20px|20px|0px|20px|false|false&#187; custom_padding=&#187;0px||0px||true|false&#187; global_colors_info=&#187;{}&#187;]<\/p>\n<p>Mo 13.4.<br \/>13-18 Uhr<\/p>\n<h3>PR\u00b7SMA Atelier<br \/><span class=\"s1\">Offen f\u00fcr professionelle T\u00e4nzer:innen<\/span><\/h3>\n<p class=\"p1\"><span class=\"s1\">in den Studios von Br\u00fccki 235<br \/><\/span><span class=\"s1\">Hardstrasse 235, 8005 Z\u00fcrich<\/span><\/p>\n<p class=\"mobile-undersized-upper\">[\/et_pb_text][et_pb_text disabled_on=&#187;off|off|off&#187; _builder_version=&#187;4.27.4&#8243; _module_preset=&#187;default&#187; custom_margin=&#187;20px|20px|0px|20px|false|false&#187; custom_padding=&#187;0px||0px||true|false&#187; global_colors_info=&#187;{}&#187;]<\/p>\n<p>Fr 8.5.<br \/>19 Uhr<!-- notionvc: f8ebd34f-5125-436b-9bf7-b58338c64c33 --><\/p>\n<h2>FAMILY MATTERS<br \/>Ein Community Dance Projekt<b> <\/b>von Elena Morena Weber \/ PR\u00b7SMA<br \/>f\u00fcr Z\u00dcRICH TANZT<\/h2>\n<p><span data-contrast=\"none\" xml:lang=\"EN-US\" lang=\"EN-US\" class=\"TextRun Highlight SCXW41775939 BCX0\"><span class=\"NormalTextRun SCXW41775939 BCX0\">Kulturhaus Helferei<br \/><\/span><\/span><strong><span style=\"text-decoration: underline;\"><a href=\"https:\/\/zuerichtanzt.ch\/\" target=\"_blank\" rel=\"noopener\">Tickets<\/a><\/span><\/strong><\/p>\n<p class=\"mobile-undersized-upper\">\n<p>[\/et_pb_text][et_pb_text disabled_on=&#187;off|off|off&#187; _builder_version=&#187;4.27.4&#8243; _module_preset=&#187;default&#187; custom_margin=&#187;20px|20px|0px|20px|false|false&#187; custom_padding=&#187;0px||0px||true|false&#187; global_colors_info=&#187;{}&#187;]<\/p>\n<p>Sa 9.5.<br \/>18 Uhr<!-- notionvc: f8ebd34f-5125-436b-9bf7-b58338c64c33 --><\/p>\n<h2>FAMILY MATTERS<br \/>Ein Community Dance Projekt<b> <\/b>von Elena Morena Weber \/ PR\u00b7SMA<br \/>f\u00fcr Z\u00dcRICH TANZT<\/h2>\n<p><span data-contrast=\"none\" xml:lang=\"EN-US\" lang=\"EN-US\" class=\"TextRun Highlight SCXW41775939 BCX0\"><span class=\"NormalTextRun SCXW41775939 BCX0\">Kulturhaus Helferei<br \/><\/span><\/span><strong><span style=\"text-decoration: underline;\"><a href=\"https:\/\/zuerichtanzt.ch\/\" target=\"_blank\" rel=\"noopener\">Tickets<\/a><\/span><\/strong><br \/><strong><\/strong><\/p>\n<p class=\"mobile-undersized-upper\">\n<p>[\/et_pb_text][et_pb_text disabled_on=&#187;off|off|off&#187; _builder_version=&#187;4.27.4&#8243; _module_preset=&#187;default&#187; custom_margin=&#187;20px|20px|0px|20px|false|false&#187; custom_padding=&#187;0px||0px||true|false&#187; global_colors_info=&#187;{}&#187;]<\/p>\n<p>Do 28.5.<br \/>13-18 Uhr<\/p>\n<h3>PR\u00b7SMA Atelier<br \/><span class=\"s1\">Offen f\u00fcr professionelle T\u00e4nzer:innen<\/span><\/h3>\n<p class=\"p1\"><span class=\"s1\">in den Studios von Br\u00fccki 235<br \/><\/span><span class=\"s1\">Hardstrasse 235, 8005 Z\u00fcrich<\/span><\/p>\n<p class=\"mobile-undersized-upper\">\n<p>[\/et_pb_text][et_pb_text disabled_on=&#187;off|off|off&#187; _builder_version=&#187;4.27.4&#8243; _module_preset=&#187;default&#187; custom_margin=&#187;20px|20px|0px|20px|false|false&#187; custom_padding=&#187;0px||0px||true|false&#187; global_colors_info=&#187;{}&#187;]<\/p>\n<p>Do 29.5.<br \/>13-18 Uhr<\/p>\n<h3>PR\u00b7SMA Atelier<br \/><span class=\"s1\">Offen f\u00fcr professionelle T\u00e4nzer:innen<\/span><\/h3>\n<p class=\"p1\"><span class=\"s1\">in den Studios von Br\u00fccki 235<br \/><\/span><span class=\"s1\">Hardstrasse 235, 8005 Z\u00fcrich<\/span><\/p>\n<p class=\"mobile-undersized-upper\">[\/et_pb_text][et_pb_text disabled_on=&#187;off|off|off&#187; _builder_version=&#187;4.27.4&#8243; _module_preset=&#187;default&#187; custom_margin=&#187;20px|20px|0px|20px|false|false&#187; custom_padding=&#187;0px||0px||true|false&#187; global_colors_info=&#187;{}&#187;]<\/p>\n<p>Sa 30.5.<br \/>10\u201314 Uhr<\/p>\n<h2><strong>FIELD COMPOSITION Workshop #1<!-- notionvc: 8508f187-731a-4029-aef2-9edf768c191c --><\/strong><\/h2>\n<p>Anmeldung bis 17.5.<br \/><span>Der Treffpunkt wird zeitnah dem Workshop bekannt gegeben.<\/span><\/p>\n<p class=\"mobile-undersized-upper\">\n<p>[\/et_pb_text][et_pb_text disabled_on=&#187;off|off|off&#187; _builder_version=&#187;4.27.4&#8243; _module_preset=&#187;default&#187; custom_margin=&#187;20px|20px|0px|20px|false|false&#187; custom_padding=&#187;0px||0px||true|false&#187; global_colors_info=&#187;{}&#187;]<\/p>\n<p>Sa 13.6.<br \/>10\u201314 Uhr<\/p>\n<h2><strong>FIELD COMPOSITION Workshop #2<\/strong><\/h2>\n<p>Anmeldung bis 1.6.<br \/><span>Der Treffpunkt wird zeitnah dem Workshop bekannt gegeben.<\/span><\/p>\n<p class=\"mobile-undersized-upper\">\n<p>[\/et_pb_text][et_pb_text disabled_on=&#187;off|off|off&#187; _builder_version=&#187;4.27.4&#8243; _module_preset=&#187;default&#187; custom_margin=&#187;20px|20px|0px|20px|false|false&#187; custom_padding=&#187;0px||0px||true|false&#187; global_colors_info=&#187;{}&#187;]<\/p>\n<p>So 21.6.<br \/>10-15 Uhr<\/p>\n<h3>PR\u00b7SMA Atelier<br \/><span class=\"s1\">Offen f\u00fcr professionelle T\u00e4nzer:innen<\/span><\/h3>\n<p class=\"p1\"><span class=\"s1\">in den Studios von Br\u00fccki 235<br \/><\/span><span class=\"s1\">Hardstrasse 235, 8005 Z\u00fcrich<\/span><\/p>\n<p class=\"mobile-undersized-upper\">\n<p>[\/et_pb_text][et_pb_text disabled_on=&#187;off|off|off&#187; _builder_version=&#187;4.27.4&#8243; _module_preset=&#187;default&#187; custom_margin=&#187;20px|20px|0px|20px|false|false&#187; custom_padding=&#187;0px||0px||true|false&#187; global_colors_info=&#187;{}&#187;]<\/p>\n<p>Mo 22.6.<br \/>13-18 Uhr<\/p>\n<h3>PR\u00b7SMA Atelier<br \/><span class=\"s1\">Offen f\u00fcr professionelle T\u00e4nzer:innen<\/span><\/h3>\n<p class=\"p1\"><span class=\"s1\">in den Studios von Br\u00fccki 235<br \/><\/span><span class=\"s1\">Hardstrasse 235, 8005 Z\u00fcrich<\/span><\/p>\n<p class=\"mobile-undersized-upper\">\n<p>[\/et_pb_text][et_pb_text disabled_on=&#187;off|off|off&#187; _builder_version=&#187;4.27.4&#8243; _module_preset=&#187;default&#187; custom_margin=&#187;20px|20px|0px|20px|false|false&#187; custom_padding=&#187;0px||0px||true|false&#187; global_colors_info=&#187;{}&#187;]<\/p>\n<p>Do 25.6.<br \/>10\u201315 Uhr<\/p>\n<h3>PR\u00b7SMA Atelier<br \/><span class=\"s1\">Offen f\u00fcr professionelle T\u00e4nzer:innen<\/span><\/h3>\n<p class=\"p1\"><span class=\"s1\">in den Studios von Br\u00fccki 235<br \/><\/span><span class=\"s1\">Hardstrasse 235, 8005 Z\u00fcrich<\/span><\/p>\n<p class=\"mobile-undersized-upper\">\n<p>[\/et_pb_text][et_pb_text disabled_on=&#187;off|off|off&#187; _builder_version=&#187;4.27.4&#8243; _module_preset=&#187;default&#187; custom_margin=&#187;20px|20px|0px|20px|false|false&#187; custom_padding=&#187;0px||0px||true|false&#187; global_colors_info=&#187;{}&#187;]<\/p>\n<p>Fr 26.6.<br \/>10\u201315 Uhr<\/p>\n<h3>PR\u00b7SMA Atelier<br \/><span class=\"s1\">Offen f\u00fcr professionelle T\u00e4nzer:innen<\/span><\/h3>\n<p class=\"p1\"><span class=\"s1\">in den Studios von Br\u00fccki 235<br \/><\/span><span class=\"s1\">Hardstrasse 235, 8005 Z\u00fcrich<\/span><\/p>\n<p class=\"mobile-undersized-upper\">\n<p>[\/et_pb_text][et_pb_text disabled_on=&#187;off|off|off&#187; _builder_version=&#187;4.27.4&#8243; _module_preset=&#187;default&#187; custom_margin=&#187;20px|20px|0px|20px|false|false&#187; custom_padding=&#187;0px||0px||true|false&#187; global_colors_info=&#187;{}&#187;]<\/p>\n<p>Sa 5.9.<br \/>11\u201315 Uhr<br \/>&amp;<br \/>So 6.9.<br \/>15\u201319 Uhr<\/p>\n<h2><strong>FIELD COMPOSITION Workshop #3<\/strong><\/h2>\n<p>Anmeldung bis 23.8.<br \/><span>Der Treffpunkt wird zeitnah dem Workshop bekannt gegeben.<\/span><\/p>\n<p class=\"mobile-undersized-upper\">\n<p>[\/et_pb_text][et_pb_text disabled_on=&#187;on|on|on&#187; _builder_version=&#187;4.20.2&#8243; _module_preset=&#187;default&#187; custom_margin=&#187;20px|20px|0px|20px|false|false&#187; custom_padding=&#187;0px||0px||true|false&#187; disabled=&#187;on&#187; global_colors_info=&#187;{}&#187;]<\/p>\n<p>Sa 8.6.<br \/><span data-contrast=\"none\" xml:lang=\"DE-DE\" lang=\"DE-DE\" class=\"TextRun Highlight SCXW155556751 BCX0\"><span class=\"NormalTextRun SCXW155556751 BCX0\">11\u201315 Uhr<\/span><\/span><span class=\"EOP SCXW155556751 BCX0\" data-ccp-props=\"{\"335559737\":600}\">\u00a0<\/span><\/p>\n<h2><strong>FIELD COMPOSITION Workshop<\/strong><\/h2>\n<p><strong><span data-contrast=\"none\" xml:lang=\"DE-DE\" lang=\"DE-DE\" class=\"TextRun Highlight MacChromeBold SCXW214357252 BCX0\"><span class=\"NormalTextRun SCXW214357252 BCX0\">im Rahmen von <a href=\"#motion\">MOTION<\/a><br \/><\/span><\/span><\/strong><span data-contrast=\"none\">Trafo Baden<\/span><span data-ccp-props=\"{\"335559737\":600}\"><br \/><\/span><span data-contrast=\"none\">Anmeldung bis 31.5. \u00fcber <\/span><a href=\"mailto:info@prismakollektiv.ch\"><span data-contrast=\"none\">info@prismakollektiv.ch<\/span><\/a><span data-ccp-props=\"{\"335559737\":600}\">\u00a0<\/span><span data-contrast=\"none\"><\/span><strong><\/strong><\/p>\n<p class=\"mobile-undersized-upper\">[\/et_pb_text][et_pb_text disabled_on=&#187;on|on|on&#187; _builder_version=&#187;4.20.2&#8243; _module_preset=&#187;default&#187; custom_margin=&#187;20px|20px|0px|20px|false|false&#187; custom_padding=&#187;0px||0px||true|false&#187; disabled=&#187;on&#187; global_colors_info=&#187;{}&#187;]<\/p>\n<p>Sa 8.6.<br \/>13.30 Uhr<\/p>\n<h2><a href=\"#motion\"><span data-contrast=\"none\" xml:lang=\"DE-DE\" lang=\"DE-DE\" class=\"TextRun Highlight MacChromeBold SCXW14623477 BCX0\"><span class=\"NormalTextRun SCXW14623477 BCX0\">MOTION<\/span><\/span><\/a><\/h2>\n<p><strong><span data-contrast=\"none\" xml:lang=\"DE-DE\" lang=\"DE-DE\" class=\"TextRun Highlight MacChromeBold SCXW214357252 BCX0\"><span class=\"NormalTextRun SCXW214357252 BCX0\"><span data-contrast=\"none\" xml:lang=\"DE-DE\" lang=\"DE-DE\" class=\"TextRun Highlight MacChromeBold SCXW96857820 BCX0\"><span class=\"NormalTextRun SCXW96857820 BCX0\">Neue Kurkapelle Baden<\/span><span class=\"NormalTextRun SCXW96857820 BCX0\"> <\/span><span class=\"NormalTextRun SCXW96857820 BCX0\">feat<\/span><span class=\"NormalTextRun SCXW96857820 BCX0\">. PR\u00b7SMA<\/span><\/span><span class=\"EOP SCXW96857820 BCX0\" data-ccp-props=\"{\"335559737\":600}\">\u00a0<\/span><\/span><\/span><\/strong><span data-contrast=\"none\" xml:lang=\"DE-DE\" lang=\"DE-DE\" class=\"TextRun Highlight MacChromeBold SCXW214357252 BCX0\"><span class=\"NormalTextRun SCXW214357252 BCX0\"><br \/><\/span><\/span><span data-ccp-props=\"{\"335559737\":600}\"><span data-contrast=\"none\" xml:lang=\"DE-DE\" lang=\"DE-DE\" class=\"TextRun Highlight SCXW81764182 BCX0\"><span class=\"NormalTextRun SCXW81764182 BCX0\">Trafo Baden, Halle 36.3<\/span><\/span><\/span><span data-ccp-props=\"{\"335559737\":600}\">\u00a0<\/span><span data-contrast=\"none\"><\/span><strong><\/strong><\/p>\n<p class=\"mobile-undersized-upper\">[\/et_pb_text][et_pb_text disabled_on=&#187;on|on|on&#187; _builder_version=&#187;4.20.2&#8243; _module_preset=&#187;default&#187; custom_margin=&#187;20px|20px|0px|20px|false|false&#187; custom_padding=&#187;0px||0px||true|false&#187; disabled=&#187;on&#187; global_colors_info=&#187;{}&#187;]<\/p>\n<p><span data-contrast=\"none\">Sa 24.8.<\/span><span data-ccp-props=\"{\"335559737\":600}\"><br \/><\/span><span data-contrast=\"none\">13\u201316 Uhr<\/span><span data-ccp-props=\"{\"335559737\":600}\">\u00a0<\/span><\/p>\n<h2><b><span data-contrast=\"none\">FIELD COMPOSITION Workshop<\/span><\/b><span data-ccp-props=\"{\"335559737\":600}\">\u00a0<\/span><\/h2>\n<p><b><span data-contrast=\"none\">im Rahmen des Stadtpicknicks Baden<\/span><\/b><span data-ccp-props=\"{\"335559737\":600}\">\u00a0<\/span><span><span class=\"textnormal mobile-undersized-upper\"><span class=\"textheading2\"><\/span><a class=\"link1\" href=\"https:\/\/prismakollektiv.ch\/\" target=\"_blank\" rel=\"noopener\"><\/a><\/span><\/span><\/p>\n<p><span data-contrast=\"none\">Baden<\/span><span><br \/><\/span><span data-contrast=\"none\">Treffpunkt wird bei Anmeldung bekanntgegeben.\u00a0<\/span><span data-ccp-props=\"{\"335559737\":600}\"><br \/><\/span><span data-contrast=\"none\">Anmeldung bis 18.8. \u00fcber <\/span><a href=\"mailto:info@prismakollektiv.ch\"><span data-contrast=\"none\">info@prismakollektiv.ch<\/span><\/a><span data-ccp-props=\"{\"335559737\":600}\">\u00a0<\/span><\/p>\n<p>[\/et_pb_text][et_pb_text disabled_on=&#187;on|on|on&#187; _builder_version=&#187;4.20.2&#8243; _module_preset=&#187;default&#187; custom_margin=&#187;20px|20px|0px|20px|false|false&#187; custom_padding=&#187;0px||0px||true|false&#187; global_colors_info=&#187;{}&#187;]<\/p>\n<p>Fr 20.9. <br \/>10 Uhr\u00a0<\/p>\n<h2><span data-ccp-props=\"{\"335559737\":600}\">Public Warm-up <\/span><\/h2>\n<p>Treffpunkt: Haupteingang Kurtheater Baden<\/p>\n<p>[\/et_pb_text][et_pb_text disabled_on=&#187;on|on|on&#187; _builder_version=&#187;4.20.2&#8243; _module_preset=&#187;default&#187; custom_margin=&#187;20px|20px|0px|20px|false|false&#187; custom_padding=&#187;0px||0px||true|false&#187; global_colors_info=&#187;{}&#187;]<\/p>\n<p>Sa 21.9. <br \/>10 Uhr<\/p>\n<h2><span data-ccp-props=\"{\"335559737\":600}\">Public Warm-up <\/span><\/h2>\n<p>Treffpunkt: Haupteingang Kurtheater Baden<\/p>\n<p>[\/et_pb_text][et_pb_text disabled_on=&#187;on|on|on&#187; _builder_version=&#187;4.20.2&#8243; _module_preset=&#187;default&#187; custom_margin=&#187;20px|20px|0px|20px|false|false&#187; custom_padding=&#187;0px||0px||true|false&#187; global_colors_info=&#187;{}&#187;]<\/p>\n<p>Fr 27.9. <br \/>10 Uhr<\/p>\n<h2><span data-ccp-props=\"{\"335559737\":600}\">Public Warm-up <\/span><\/h2>\n<p>Treffpunkt: Haupteingang Kurtheater Baden<\/p>\n<p>[\/et_pb_text][et_pb_text disabled_on=&#187;on|on|on&#187; _builder_version=&#187;4.20.2&#8243; _module_preset=&#187;default&#187; custom_margin=&#187;20px|20px|0px|20px|false|false&#187; custom_padding=&#187;0px||0px||true|false&#187; global_colors_info=&#187;{}&#187;]<\/p>\n<p>Sa 28.9. <br \/>10 Uhr<\/p>\n<h2><span data-ccp-props=\"{\"335559737\":600}\">Public Warm-up <\/span><\/h2>\n<p>Treffpunkt: Haupteingang Kurtheater Baden<\/p>\n<p>[\/et_pb_text][et_pb_text disabled_on=&#187;on|on|on&#187; _builder_version=&#187;4.20.2&#8243; _module_preset=&#187;default&#187; custom_margin=&#187;20px|20px|0px|20px|false|false&#187; custom_padding=&#187;0px||0px||true|false&#187; global_colors_info=&#187;{}&#187;]<\/p>\n<p><span data-contrast=\"none\" xml:lang=\"DE-DE\" lang=\"DE-DE\" class=\"TextRun Highlight SCXW117716007 BCX0\"><span class=\"NormalTextRun SCXW117716007 BCX0\">Sa<\/span><span class=\"NormalTextRun SCXW117716007 BCX0\"> <\/span><span class=\"NormalTextRun SCXW117716007 BCX0\">5.<\/span><span class=\"NormalTextRun SCXW117716007 BCX0\">10.<\/span><\/span><span class=\"LineBreakBlob BlobObject DragDrop SCXW117716007 BCX0\"><span class=\"SCXW117716007 BCX0\">\u00a0<\/span><br class=\"SCXW117716007 BCX0\" \/><\/span><span data-contrast=\"none\" xml:lang=\"DE-DE\" lang=\"DE-DE\" class=\"TextRun Highlight SCXW117716007 BCX0\"><span class=\"NormalTextRun SCXW117716007 BCX0\">16\u201318 Uhr<\/span><\/span><span class=\"EOP SCXW117716007 BCX0\" data-ccp-props=\"{\"335559737\":600}\">\u00a0<\/span><\/p>\n<h2><a href=\"#offene\"><span data-contrast=\"none\" xml:lang=\"DE-DE\" lang=\"DE-DE\" class=\"TextRun Highlight MacChromeBold SCXW204673908 BCX0\"><span class=\"NormalTextRun SCXW204673908 BCX0\">Offene B\u00fchne<\/span><\/span><\/a><\/h2>\n<p>Treffpunkt: Parkplatz hinter dem Kurtheater Baden<\/p>\n<p>[\/et_pb_text][et_pb_text disabled_on=&#187;on|on|on&#187; _builder_version=&#187;4.20.2&#8243; _module_preset=&#187;default&#187; custom_margin=&#187;20px|20px|0px|20px|false|false&#187; custom_padding=&#187;0px||0px||true|false&#187; global_colors_info=&#187;{}&#187;]<\/p>\n<p>So 6.10.<br \/>16\u201318 Uhr<\/p>\n<h2><a href=\"#offene\"><span data-contrast=\"none\" xml:lang=\"DE-DE\" lang=\"DE-DE\" class=\"TextRun Highlight MacChromeBold SCXW204673908 BCX0\"><span class=\"NormalTextRun SCXW204673908 BCX0\">Offene B\u00fchne<\/span><\/span><\/a><\/h2>\n<p>Treffpunkt: Parkplatz hinter dem Kurtheater Baden<\/p>\n<p>[\/et_pb_text][et_pb_text disabled_on=&#187;on|on|on&#187; _builder_version=&#187;4.20.2&#8243; _module_preset=&#187;default&#187; custom_margin=&#187;20px|20px|0px|20px|false|false&#187; custom_padding=&#187;0px||0px||true|false&#187; global_colors_info=&#187;{}&#187;]<\/p>\n<p>Fr 11.10.<br \/>19\u201321 Uhr<\/p>\n<h2><a href=\"#offene\"><span data-contrast=\"none\" xml:lang=\"DE-DE\" lang=\"DE-DE\" class=\"TextRun Highlight MacChromeBold SCXW204673908 BCX0\"><span class=\"NormalTextRun SCXW204673908 BCX0\">Offene B\u00fchne<\/span><\/span><\/a><\/h2>\n<p>Treffpunkt: Parkplatz hinter dem Kurtheater Baden<\/p>\n<p>[\/et_pb_text][et_pb_text disabled_on=&#187;on|on|on&#187; _builder_version=&#187;4.20.2&#8243; _module_preset=&#187;default&#187; custom_margin=&#187;20px|20px|0px|20px|false|false&#187; custom_padding=&#187;0px||0px||true|false&#187; global_colors_info=&#187;{}&#187;]<\/p>\n<p><span data-contrast=\"none\" xml:lang=\"DE-DE\" lang=\"DE-DE\" class=\"TextRun Highlight SCXW117716007 BCX0\"><span class=\"NormalTextRun SCXW117716007 BCX0\">Sa 12.10.<br \/>19\u201321 Uhr<\/span><\/span><span class=\"EOP SCXW117716007 BCX0\" data-ccp-props=\"{\"335559737\":600}\">\u00a0<\/span><\/p>\n<h2><a href=\"#offene\"><span data-contrast=\"none\" xml:lang=\"DE-DE\" lang=\"DE-DE\" class=\"TextRun Highlight MacChromeBold SCXW204673908 BCX0\"><span class=\"NormalTextRun SCXW204673908 BCX0\">Offene B\u00fchne<\/span><\/span><\/a><\/h2>\n<p>Treffpunkt: Parkplatz hinter dem Kurtheater Baden<\/p>\n<p>[\/et_pb_text][et_pb_text disabled_on=&#187;on|on|on&#187; _builder_version=&#187;4.27.4&#8243; _module_preset=&#187;default&#187; custom_margin=&#187;20px|20px|0px|20px|false|false&#187; custom_padding=&#187;0px||0px||true|false&#187; disabled=&#187;on&#187; global_colors_info=&#187;{}&#187;]<\/p>\n<p><span data-contrast=\"none\" xml:lang=\"EN-US\" lang=\"EN-US\" class=\"TextRun Highlight SCXW43418812 BCX0\"><span class=\"NormalTextRun SCXW43418812 BCX0\">Fr 25.10.<\/span><\/span><span class=\"LineBreakBlob BlobObject DragDrop SCXW43418812 BCX0\"><span class=\"SCXW43418812 BCX0\">\u00a0<\/span><br class=\"SCXW43418812 BCX0\" \/><\/span><span data-contrast=\"none\" xml:lang=\"EN-US\" lang=\"EN-US\" class=\"TextRun Highlight SCXW43418812 BCX0\"><span class=\"NormalTextRun SCXW43418812 BCX0\">19.30 <\/span><span class=\"NormalTextRun SCXW43418812 BCX0\">Uhr<\/span><\/span><span class=\"EOP SCXW43418812 BCX0\" data-ccp-props=\"{\" 335559737=\"\" :600=\"\">\u00a0<\/span><\/p>\n<h2><span class=\"EOP SCXW43418812 BCX0\" data-ccp-props=\"{\" 335559737=\"\" :600=\"\"><\/span><span class=\"EOP SCXW43418812 BCX0\" data-ccp-props=\"{\" 335559737=\"\" :600=\"\"><\/span><span data-contrast=\"none\" xml:lang=\"EN-US\" lang=\"EN-US\" class=\"TextRun Highlight MacChromeBold SCXW20975966 BCX0\"><span class=\"NormalTextRun SCXW20975966 BCX0\">Poems From Inner Space<br \/><\/span><\/span>Episode 3: 1+1+1<\/h2>\n<p><span data-contrast=\"none\" xml:lang=\"EN-US\" lang=\"EN-US\" class=\"TextRun Highlight SCXW41775939 BCX0\"><span class=\"NormalTextRun SCXW41775939 BCX0\">Kurtheater<\/span><span class=\"NormalTextRun SCXW41775939 BCX0\"> Baden<\/span><\/span><span class=\"EOP SCXW41775939 BCX0\" data-ccp-props=\"{\" 335559737=\"\" :600=\"\"><br \/><a href=\"https:\/\/www.kurtheater.ch\/spielplan\/details\/?id=2577\" target=\"_blank\" rel=\"noopener\"><span data-ccp-props=\"{}\"><span style=\"text-decoration: underline;\">Tickets<\/span><\/span><\/a><\/span><br \/><strong><\/strong><\/p>\n<p class=\"mobile-undersized-upper\">[\/et_pb_text][et_pb_text disabled_on=&#187;on|on|on&#187; _builder_version=&#187;4.20.2&#8243; _module_preset=&#187;default&#187; custom_margin=&#187;20px|20px|0px|20px|false|false&#187; custom_padding=&#187;0px||0px||true|false&#187; disabled=&#187;on&#187; global_colors_info=&#187;{}&#187;]<\/p>\n<p><span data-contrast=\"none\">Fr 20.9.<\/span><span>\u00a0<br \/><\/span><span data-contrast=\"none\">10 Uhr<\/span><span data-ccp-props=\"{\"335559737\":600}\">\u00a0<\/span><\/p>\n<p><b><span data-contrast=\"none\">Public Warm-up<\/span><\/b><span data-ccp-props=\"{\"335559737\":600}\">\u00a0<\/span><\/p>\n<p><span data-contrast=\"none\">Treffpunkt: Haupteingang Kurtheater Baden<\/span><span data-ccp-props=\"{\"335559737\":600}\">\u00a0<\/span><\/p>\n<p class=\"mobile-undersized-upper\"><span><span class=\"textnormal mobile-undersized-upper\"><br \/><span class=\"textheading2\"><\/span><\/span><\/span><\/p>\n<h2 class=\"mobile-undersized-upper\"><span><span class=\"textnormal mobile-undersized-upper\"><span class=\"textheading2\">FIELD COMPOSITION Workshop<br \/><\/span><a class=\"link1\" href=\"https:\/\/prismakollektiv.ch\/\" target=\"_blank\" rel=\"noopener\"><\/a><\/span><\/span><\/h2>\n<p class=\"mobile-undersized-upper\"><span><span class=\"textnormal mobile-undersized-upper\"><a class=\"link1\" href=\"https:\/\/prismakollektiv.ch\/\" target=\"_blank\" rel=\"noopener\">Im Rahmen von 100 Jahre Badenfahrt<\/a><\/span><\/span><span><span class=\"textnormal mobile-undersized-upper\"><\/span><\/span><\/p>\n<p class=\"mobile-undersized-upper\">\n<p>[\/et_pb_text][\/et_pb_column][\/et_pb_row][et_pb_row _builder_version=&#187;4.20.2&#8243; _module_preset=&#187;default&#187; width=&#187;100%&#187; max_width=&#187;1280px&#187; custom_margin=&#187;||0px||false|false&#187; custom_padding=&#187;||0px||false|false&#187; border_width_bottom=&#187;3px&#187; global_colors_info=&#187;{}&#187;][et_pb_column type=&#187;4_4&#8243; _builder_version=&#187;4.17.6&#8243; _module_preset=&#187;default&#187; global_colors_info=&#187;{}&#187;][et_pb_text _builder_version=&#187;4.20.2&#8243; _module_preset=&#187;default&#187; custom_margin=&#187;24px||0px|24px|false|false&#187; custom_padding=&#187;||||false|false&#187; global_colors_info=&#187;{}&#187;]<\/p>\n<h1>KONTAKT<\/h1>\n<p>[\/et_pb_text][\/et_pb_column][\/et_pb_row][et_pb_row column_structure=&#187;1_2,1_2&#8243; module_id=&#187;kontakt&#187; _builder_version=&#187;4.20.2&#8243; _module_preset=&#187;default&#187; width=&#187;100%&#187; max_width=&#187;1280px&#187; collapsed=&#187;off&#187; global_colors_info=&#187;{}&#187;][et_pb_column type=&#187;1_2&#8243; _builder_version=&#187;4.17.6&#8243; _module_preset=&#187;default&#187; global_colors_info=&#187;{}&#187;][et_pb_signup mailchimp_list=&#187;Info Prisma Kollektiv|0798ad7ed8&#8243; layout=&#187;top_bottom&#187; first_name_fullwidth=&#187;off&#187; last_name_fullwidth=&#187;off&#187; title=&#187;Wir freuen uns, Sie \u00fcber unsere Aktivit\u00e4ten zu informieren. Anmeldung f\u00fcr den PR\u00b7SMA Newsletter hier:&#187; _builder_version=&#187;4.19.4&#8243; _module_preset=&#187;default&#187; form_field_focus_background_color=&#187;#FFFFFF&#187; header_font=&#187;|300|||||||&#187; header_text_align=&#187;left&#187; use_background_color=&#187;off&#187; custom_button=&#187;on&#187; button_text_color=&#187;#000000&#8243; button_border_color=&#187;#000000&#8243; background_layout=&#187;light&#187; width=&#187;92%&#187; width_tablet=&#187;92%&#187; width_phone=&#187;92%&#187; width_last_edited=&#187;on|desktop&#187; max_width=&#187;1280px&#187; module_alignment=&#187;center&#187; custom_margin=&#187;10px|||0px|false|false&#187; custom_padding=&#187;|||0px|false|false&#187; border_color_all=&#187;RGBA(255,255,255,0)&#187; border_width_all_fields=&#187;1px&#187; global_colors_info=&#187;{}&#187;][\/et_pb_signup][\/et_pb_column][et_pb_column type=&#187;1_2&#8243; _builder_version=&#187;4.17.6&#8243; _module_preset=&#187;default&#187; global_colors_info=&#187;{}&#187;][et_pb_text _builder_version=&#187;4.19.4&#8243; _module_preset=&#187;default&#187; custom_margin=&#187;10px|||20px|false|false&#187; custom_padding=&#187;||||false|false&#187; global_colors_info=&#187;{}&#187;]<\/p>\n<p style=\"text-align: left;\"><span>info[at]prismakollektiv.ch<\/span><\/p>\n<p>[\/et_pb_text][et_pb_text _builder_version=&#187;4.19.4&#8243; _module_preset=&#187;default&#187; custom_margin=&#187;|||20px|false|false&#187; custom_padding=&#187;||||false|false&#187; global_colors_info=&#187;{}&#187;]<\/p>\n<h1><a href=\"https:\/\/www.instagram.com\/prismakollektiv\/\" target=\"_blank\" rel=\"noopener\"><img loading=\"lazy\" decoding=\"async\" src=\"https:\/\/prismakollektiv.ch\/wp-content\/uploads\/2023\/03\/instaArtboard-1-100-e1680161277565.jpg\" width=\"25\" height=\"25\" alt=\"\" class=\"wp-image-1085 alignleft size-full\" \/><\/a><a href=\"https:\/\/www.facebook.com\/prismakollektiv\" target=\"_blank\" rel=\"noopener\"><img loading=\"lazy\" decoding=\"async\" src=\"https:\/\/prismakollektiv.ch\/wp-content\/uploads\/2023\/03\/Artboard-1-100-e1680161300875.jpg\" width=\"25\" height=\"25\" alt=\"\" class=\"wp-image-1084 alignleft size-full\" \/><\/a><a href=\"https:\/\/vimeo.com\/user165239940\" target=\"_blank\" rel=\"noopener\"><img loading=\"lazy\" decoding=\"async\" src=\"https:\/\/prismakollektiv.ch\/wp-content\/uploads\/2023\/03\/vimeoArtboard-1-100-e1680161260532.jpg\" width=\"25\" height=\"25\" alt=\"\" class=\"wp-image-1086 alignleft size-full\" \/><\/a><\/h1>\n<p>[\/et_pb_text][\/et_pb_column][\/et_pb_row][\/et_pb_section]<\/p>\n","protected":false},"excerpt":{"rendered":"<p>Symbiosen von Tanz und Klang NEWS FAMILY MATTERSEin Community Dance Projekt von Elena Morena Weber \/ PR\u00b7SMAf\u00fcr Z\u00dcRICH TANZT Was bedeutet Familie? Wer z\u00e4hlt dazu? 40 Menschen zwischen 1 und 82 Jahren tanzen gemeinsam und zeigen, dass Familie weit mehr als Blutsverwandtschaft ist: Sie kann Wahl, Zufall oder Schicksal sein, sich ver\u00e4ndern und neue Formen [&hellip;]<\/p>\n","protected":false},"author":1,"featured_media":0,"parent":0,"menu_order":0,"comment_status":"closed","ping_status":"closed","template":"","meta":{"_et_pb_use_builder":"on","_et_pb_old_content":"","_et_gb_content_width":"","footnotes":""},"class_list":["post-676","page","type-page","status-publish","hentry"],"_links":{"self":[{"href":"https:\/\/prismakollektiv.ch\/index.php\/wp-json\/wp\/v2\/pages\/676","targetHints":{"allow":["GET"]}}],"collection":[{"href":"https:\/\/prismakollektiv.ch\/index.php\/wp-json\/wp\/v2\/pages"}],"about":[{"href":"https:\/\/prismakollektiv.ch\/index.php\/wp-json\/wp\/v2\/types\/page"}],"author":[{"embeddable":true,"href":"https:\/\/prismakollektiv.ch\/index.php\/wp-json\/wp\/v2\/users\/1"}],"replies":[{"embeddable":true,"href":"https:\/\/prismakollektiv.ch\/index.php\/wp-json\/wp\/v2\/comments?post=676"}],"version-history":[{"count":303,"href":"https:\/\/prismakollektiv.ch\/index.php\/wp-json\/wp\/v2\/pages\/676\/revisions"}],"predecessor-version":[{"id":1601,"href":"https:\/\/prismakollektiv.ch\/index.php\/wp-json\/wp\/v2\/pages\/676\/revisions\/1601"}],"wp:attachment":[{"href":"https:\/\/prismakollektiv.ch\/index.php\/wp-json\/wp\/v2\/media?parent=676"}],"curies":[{"name":"wp","href":"https:\/\/api.w.org\/{rel}","templated":true}]}}